{"id":48,"date":"2018-04-19T10:36:43","date_gmt":"2018-04-19T08:36:43","guid":{"rendered":"https:\/\/www.tgs-spreitenbach.ch\/?page_id=48"},"modified":"2025-09-16T14:24:25","modified_gmt":"2025-09-16T12:24:25","slug":"aktuelles","status":"publish","type":"page","link":"https:\/\/www.tgs-spreitenbach.ch\/?page_id=48","title":{"rendered":"Vergangenes"},"content":{"rendered":"<div class=\"wpb-content-wrapper\"><p>[vc_row dfd_bg_style=&#8221;image&#8221; dfd_bg_image_new=&#8221;1543&#8243; dfd_bg_image_repeat=&#8221;no-repeat&#8221; dfd_bg_img_attach=&#8221;fixed&#8221;][vc_column][dfd_spacer screen_wide_spacer_size=&#8221;100&#8243; screen_normal_resolution=&#8221;1024&#8243; screen_tablet_resolution=&#8221;800&#8243; screen_mobile_resolution=&#8221;480&#8243;][dfd_heading subtitle=&#8221;&#8221; content_alignment=&#8221;text-left&#8221; delimiter_settings=&#8221;delimiter_style:solid|delimiter_width:210|delimiter_height:3|delimiter_color:%23d30e00&#8243; delimiter_margin=&#8221;margin-bottom:10&#8243; undefined=&#8221;&#8221; title_font_options=&#8221;tag:h2&#8243; subtitle_font_options=&#8221;tag:div&#8221; title_responsive=&#8221;font_size_mobile:40&#8243;]<\/p>\n<h1>Vergangenes<\/h1>\n<p>[\/dfd_heading][vc_row_inner dfd_row_responsive_enable=&#8221;dfd-row-responsive-enable&#8221; css=&#8221;.vc_custom_1698670658311{margin-right: 20px !important;margin-left: 20px !important;}&#8221;][vc_column_inner][dfd_spacer screen_wide_spacer_size=&#8221;10&#8243; screen_normal_resolution=&#8221;1024&#8243; screen_tablet_resolution=&#8221;800&#8243; screen_mobile_resolution=&#8221;480&#8243;][dfd_heading subtitle=&#8221;Von 04.04.2025 bis 2.04.2025&#8243; content_alignment=&#8221;text-left&#8221; enable_delimiter=&#8221;&#8221; undefined=&#8221;&#8221; title_font_options=&#8221;tag:h2&#8243; subtitle_font_options=&#8221;tag:h5|color:%23ffffff|font_style_italic:1|font_style_bold:1&#8243; tutorials=&#8221;&#8221;]<\/p>\n<h3>Das perfekte Paar<\/h3>\n<p>[\/dfd_heading][dfd_spacer screen_wide_spacer_size=&#8221;10&#8243; screen_normal_resolution=&#8221;1024&#8243; screen_tablet_resolution=&#8221;800&#8243; screen_mobile_resolution=&#8221;480&#8243;][vc_column_text css=&#8221;&#8221; item_animation=&#8221;transition.fadeIn&#8221;]<img loading=\"lazy\" decoding=\"async\" class=\"wp-image-1838 size-medium alignleft\" src=\"https:\/\/www.tgs-spreitenbach.ch\/wp-content\/uploads\/2025\/03\/Das-perfekte-Paar-A5-V7-212x300.jpg\" alt=\"\" width=\"212\" height=\"300\" srcset=\"https:\/\/www.tgs-spreitenbach.ch\/wp-content\/uploads\/2025\/03\/Das-perfekte-Paar-A5-V7-212x300.jpg 212w, https:\/\/www.tgs-spreitenbach.ch\/wp-content\/uploads\/2025\/03\/Das-perfekte-Paar-A5-V7.jpg 420w\" sizes=\"auto, (max-width: 212px) 100vw, 212px\" \/><\/p>\n<p><b>\u00dcber das St\u00fcck:<\/b> Der Alltag hat <b>Angela<\/b> und <b>Stefan<\/b> eingeholt \u2013 und der bedeutet in einer Beziehung oft auch Kompromisse. Doch beide sind nicht so ganz bereit, diese einzugehen. Die Konsequenz: Getrennte Schlafzimmer und getrennte B\u00e4der. Doch bald kommt ihnen der Gedanke, dass getrennte Wohnungen einfach praktischer w\u00e4ren. \u201eGetrennt wohnen und gemeinsam lieben\u201c lautet nun die Devise.<\/p>\n<p>Doch Angela\u2019s Mutter hat andere Pl\u00e4ne. Bevor sie dieses Vorhaben in die Tat umsetzen k\u00f6nnen, meldet sie das Paar f\u00fcr einen Artikel in der Zeitschrift \u201eHella\u201c an. Ein Reporter steht pl\u00f6tzlich vor der T\u00fcr, um das perfekte Leben des perfekten Paares zu dokumentieren. Doch das perfekte Leben vort\u00e4uschen? Das ist leichter gesagt als getan \u2013 vor allem, wenn die Harmonie durch st\u00e4ndig kleine Streitereien \u00fcber den Alltag immer wieder gest\u00f6rt wird. Wird das Chaos ein Ende finden? Und k\u00f6nnen sie wirklich den Geldpreis gewinnen, den der Artikel verspricht?[\/vc_column_text][dfd_spacer screen_wide_spacer_size=&#8221;20&#8243; screen_normal_resolution=&#8221;1024&#8243; screen_tablet_resolution=&#8221;800&#8243; screen_mobile_resolution=&#8221;480&#8243;][dfd_heading subtitle=&#8221;&#8221; content_alignment=&#8221;text-left&#8221; enable_delimiter=&#8221;&#8221; undefined=&#8221;&#8221; title_font_options=&#8221;tag:h4&#8243; subtitle_font_options=&#8221;tag:div&#8221;]<\/p>\n<h4>Theatergesellschaft Spreitenbach<\/h4>\n<p>[\/dfd_heading][dfd_delimiter icon_size=&#8221;10&#8243; delimiter_height=&#8221;2&#8243; delimiter_border_style=&#8221;inset&#8221; module_animation=&#8221;transition.fadeIn&#8221; delim_line_color=&#8221;#ffffff&#8221; icon_color=&#8221;#ffffff&#8221;][\/vc_column_inner][\/vc_row_inner][vc_row_inner dfd_row_responsive_enable=&#8221;dfd-row-responsive-enable&#8221; css=&#8221;.vc_custom_1698670658311{margin-right: 20px !important;margin-left: 20px !important;}&#8221;][vc_column_inner][dfd_spacer screen_wide_spacer_size=&#8221;10&#8243; screen_normal_resolution=&#8221;1024&#8243; screen_tablet_resolution=&#8221;800&#8243; screen_mobile_resolution=&#8221;480&#8243;][dfd_heading subtitle=&#8221;Von 22.08. &#8211; 25.08.2024&#8243; content_alignment=&#8221;text-left&#8221; enable_delimiter=&#8221;&#8221; undefined=&#8221;&#8221; title_font_options=&#8221;tag:h2&#8243; subtitle_font_options=&#8221;tag:h5|color:%23ffffff|font_style_italic:1|font_style_bold:1&#8243;]<\/p>\n<h3>Spreitenbach Dorff\u00e4scht<\/h3>\n<p>[\/dfd_heading][dfd_spacer screen_wide_spacer_size=&#8221;10&#8243; screen_normal_resolution=&#8221;1024&#8243; screen_tablet_resolution=&#8221;800&#8243; screen_mobile_resolution=&#8221;480&#8243;][vc_column_text css=&#8221;&#8221; item_animation=&#8221;transition.fadeIn&#8221;]<img loading=\"lazy\" decoding=\"async\" class=\" wp-image-1709 alignleft\" src=\"https:\/\/www.tgs-spreitenbach.ch\/wp-content\/uploads\/2024\/07\/csm_Dorffaescht_2024_380-380_0545318a32-300x300.png\" alt=\"\" width=\"266\" height=\"266\" srcset=\"https:\/\/www.tgs-spreitenbach.ch\/wp-content\/uploads\/2024\/07\/csm_Dorffaescht_2024_380-380_0545318a32-300x300.png 300w, https:\/\/www.tgs-spreitenbach.ch\/wp-content\/uploads\/2024\/07\/csm_Dorffaescht_2024_380-380_0545318a32-150x150.png 150w, https:\/\/www.tgs-spreitenbach.ch\/wp-content\/uploads\/2024\/07\/csm_Dorffaescht_2024_380-380_0545318a32.png 690w\" sizes=\"auto, (max-width: 266px) 100vw, 266px\" \/><\/p>\n<p style=\"text-align: center;\">Und schon wieder Geschichte. Es waren vier wunderbare Tage am Dorffest. Die \u201ekleine\u201c Idee eines Wurststandes an unserer letzten GV endete mit einer hervorragenden, sch\u00f6n eingerichteten TGS-Beiz mit den legend\u00e4ren TGS Chiliw\u00fcrste, Hobelk\u00e4se-Brettli und s\u00fcffigem Heidawein.<\/p>\n<p style=\"text-align: center;\">Mit einer tollen Crew meisterten wir die sch\u00f6ne Zeit am Dorffest. Allen Helfern wie auch den zahlreichen Besuchern ein herzliches Dankesch\u00f6n.<\/p>\n<p>[\/vc_column_text][dfd_spacer screen_wide_spacer_size=&#8221;20&#8243; screen_normal_resolution=&#8221;1024&#8243; screen_tablet_resolution=&#8221;800&#8243; screen_mobile_resolution=&#8221;480&#8243;][dfd_logo_carousel list_fields=&#8221;%5B%7B%22icon_image_id%22%3A%221740%22%2C%22description%22%3A%22Image%20short%20description%20which%20will%20be%20visible%20on%20the%20back%20side.%20%22%7D%2C%7B%22icon_image_id%22%3A%221741%22%2C%22description%22%3A%22Image%20short%20description%20which%20will%20be%20visible%20on%20the%20back%20side.%20%22%7D%2C%7B%22icon_image_id%22%3A%221742%22%2C%22description%22%3A%22Image%20short%20description%20which%20will%20be%20visible%20on%20the%20back%20side.%20%22%7D%2C%7B%22icon_image_id%22%3A%221743%22%7D%5D&#8221; main_style=&#8221;style-1&#8243;][dfd_spacer screen_wide_spacer_size=&#8221;20&#8243; screen_normal_resolution=&#8221;1024&#8243; screen_tablet_resolution=&#8221;800&#8243; screen_mobile_resolution=&#8221;480&#8243;][dfd_heading subtitle=&#8221;&#8221; content_alignment=&#8221;text-left&#8221; enable_delimiter=&#8221;&#8221; undefined=&#8221;&#8221; title_font_options=&#8221;tag:h4&#8243; subtitle_font_options=&#8221;tag:div&#8221;]<\/p>\n<h4>Theatergesellschaft Spreitenbach<\/h4>\n<p>[\/dfd_heading][dfd_spacer screen_wide_spacer_size=&#8221;50&#8243; screen_normal_resolution=&#8221;1024&#8243; screen_tablet_resolution=&#8221;800&#8243; screen_mobile_resolution=&#8221;480&#8243;][dfd_delimiter icon_size=&#8221;10&#8243; delimiter_height=&#8221;2&#8243; delimiter_border_style=&#8221;inset&#8221; module_animation=&#8221;transition.fadeIn&#8221; delim_line_color=&#8221;#ffffff&#8221; icon_color=&#8221;#ffffff&#8221;][\/vc_column_inner][\/vc_row_inner][vc_row_inner dfd_row_responsive_enable=&#8221;dfd-row-responsive-enable&#8221; css=&#8221;.vc_custom_1698670658311{margin-right: 20px !important;margin-left: 20px !important;}&#8221;][vc_column_inner][dfd_spacer screen_wide_spacer_size=&#8221;10&#8243; screen_normal_resolution=&#8221;1024&#8243; screen_tablet_resolution=&#8221;800&#8243; screen_mobile_resolution=&#8221;480&#8243;][dfd_heading subtitle=&#8221;Von 22.08. &#8211; 25.08.2024&#8243; content_alignment=&#8221;text-left&#8221; enable_delimiter=&#8221;&#8221; undefined=&#8221;&#8221; title_font_options=&#8221;tag:h2&#8243; subtitle_font_options=&#8221;tag:h5|color:%23ffffff|font_style_italic:1|font_style_bold:1&#8243;]<\/p>\n<h3>Spreitenbach Dorff\u00e4scht<\/h3>\n<p>[\/dfd_heading][dfd_spacer screen_wide_spacer_size=&#8221;10&#8243; screen_normal_resolution=&#8221;1024&#8243; screen_tablet_resolution=&#8221;800&#8243; screen_mobile_resolution=&#8221;480&#8243;][vc_column_text css=&#8221;&#8221; item_animation=&#8221;transition.fadeIn&#8221;]<img loading=\"lazy\" decoding=\"async\" class=\" wp-image-1709 alignleft\" src=\"https:\/\/www.tgs-spreitenbach.ch\/wp-content\/uploads\/2024\/07\/csm_Dorffaescht_2024_380-380_0545318a32-300x300.png\" alt=\"\" width=\"266\" height=\"266\" srcset=\"https:\/\/www.tgs-spreitenbach.ch\/wp-content\/uploads\/2024\/07\/csm_Dorffaescht_2024_380-380_0545318a32-300x300.png 300w, https:\/\/www.tgs-spreitenbach.ch\/wp-content\/uploads\/2024\/07\/csm_Dorffaescht_2024_380-380_0545318a32-150x150.png 150w, https:\/\/www.tgs-spreitenbach.ch\/wp-content\/uploads\/2024\/07\/csm_Dorffaescht_2024_380-380_0545318a32.png 690w\" sizes=\"auto, (max-width: 266px) 100vw, 266px\" \/><\/p>\n<p style=\"text-align: left;\">Auch wir sind am Dorffest mit einem Wurststand dabei.<\/p>\n<p style=\"text-align: left;\">Nat\u00fcrlich mit unserer bekannten, legend\u00e4ren Theaterwurst (rassig, scharf) pr\u00e4sentieren wir die Theatergesellschaft Spreitenbach. Selbstverst\u00e4ndlich gibts auch noch Cervelats und Kalbsbratw\u00fcrste.<\/p>\n<p>[\/vc_column_text][dfd_spacer screen_wide_spacer_size=&#8221;20&#8243; screen_normal_resolution=&#8221;1024&#8243; screen_tablet_resolution=&#8221;800&#8243; screen_mobile_resolution=&#8221;480&#8243;][dfd_heading subtitle=&#8221;&#8221; content_alignment=&#8221;text-left&#8221; enable_delimiter=&#8221;&#8221; undefined=&#8221;&#8221; title_font_options=&#8221;tag:h4&#8243; subtitle_font_options=&#8221;tag:div&#8221;]<\/p>\n<h4>Theatergesellschaft Spreitenbach<\/h4>\n<p>[\/dfd_heading][dfd_spacer screen_wide_spacer_size=&#8221;50&#8243; screen_normal_resolution=&#8221;1024&#8243; screen_tablet_resolution=&#8221;800&#8243; screen_mobile_resolution=&#8221;480&#8243;][dfd_delimiter icon_size=&#8221;10&#8243; delimiter_height=&#8221;2&#8243; delimiter_border_style=&#8221;inset&#8221; module_animation=&#8221;transition.fadeIn&#8221; delim_line_color=&#8221;#ffffff&#8221; icon_color=&#8221;#ffffff&#8221;][\/vc_column_inner][\/vc_row_inner][vc_row_inner dfd_row_responsive_enable=&#8221;dfd-row-responsive-enable&#8221; css=&#8221;.vc_custom_1698670658311{margin-right: 20px !important;margin-left: 20px !important;}&#8221;][vc_column_inner][dfd_spacer screen_wide_spacer_size=&#8221;10&#8243; screen_normal_resolution=&#8221;1024&#8243; screen_tablet_resolution=&#8221;800&#8243; screen_mobile_resolution=&#8221;480&#8243;][dfd_heading subtitle=&#8221;Von 20.04.2024 bis 27.04.2024&#8243; content_alignment=&#8221;text-left&#8221; enable_delimiter=&#8221;&#8221; undefined=&#8221;&#8221; title_font_options=&#8221;tag:h2&#8243; subtitle_font_options=&#8221;tag:h5|color:%23ffffff|font_style_italic:1|font_style_bold:1&#8243;]<\/p>\n<h3>E RADIKALKUR<\/h3>\n<p>[\/dfd_heading][dfd_spacer screen_wide_spacer_size=&#8221;10&#8243; screen_normal_resolution=&#8221;1024&#8243; screen_tablet_resolution=&#8221;800&#8243; screen_mobile_resolution=&#8221;480&#8243;][vc_column_text item_animation=&#8221;transition.fadeIn&#8221;]<img loading=\"lazy\" decoding=\"async\" class=\"size-medium wp-image-1680 alignleft\" src=\"https:\/\/www.tgs-spreitenbach.ch\/wp-content\/uploads\/2024\/02\/Background-Image-300x169.jpg\" alt=\"\" width=\"300\" height=\"169\" srcset=\"https:\/\/www.tgs-spreitenbach.ch\/wp-content\/uploads\/2024\/02\/Background-Image-300x169.jpg 300w, https:\/\/www.tgs-spreitenbach.ch\/wp-content\/uploads\/2024\/02\/Background-Image-1024x576.jpg 1024w, https:\/\/www.tgs-spreitenbach.ch\/wp-content\/uploads\/2024\/02\/Background-Image-768x432.jpg 768w, https:\/\/www.tgs-spreitenbach.ch\/wp-content\/uploads\/2024\/02\/Background-Image-1536x864.jpg 1536w, https:\/\/www.tgs-spreitenbach.ch\/wp-content\/uploads\/2024\/02\/Background-Image-2048x1152.jpg 2048w\" sizes=\"auto, (max-width: 300px) 100vw, 300px\" \/>Konrad H\u00fcrzeler ist als Einzelkind und ohne Vater aufgewachsen. Auch mit nun 30 Jahren behandelt ihn seine Mutter immer noch wie ein Kleinkind, weil sie nicht wahr haben will, dass ihr Sohn erwachsen ist. Dann steht eine Kur an f\u00fcr Lisbeth H\u00fcrzeler. Zum ersten Mal in Ihrem Leben muss sie ihren Sohn f\u00fcr einige Wochen alleine lassen. Konrad, durch die Erziehung seiner Mutter in vielen Dingen etwas unbeholfen, will beweisen, dass er klar kommt und auch den Haushalt f\u00fchren kann.<\/p>\n<p>Doch dieses ist nicht n\u00f6tig, da seine Mutter f\u00fcr diese Aufgaben ihre Schwester Trudi und die Nachbarin Janette eingeplant hat. Pl\u00f6tzlich taucht Heidi auf, eine jung Psychologie-Studentin, angeblich in eine ausweglosen Situation geraten und nach langem hin und her \u00fcberl\u00e4sst Konrad ihr f\u00fcr eine Nacht das Zimmer seiner Mutter. Konrad findet schnell Gefallen an Heidi und l\u00e4sst sie auch nach zwei Wochen ungern gehen. Heidi sieht in Konrad ihren ersten Patienten und macht einige Tests mit ihm. Doch die Beiden kommen sich auch n\u00e4her und Konrad wirft endlich einmal alle Zw\u00e4nge und \u00c4ngste von sich. W\u00e4hrend einer wilden Party passiert es dann aber: Konrads Mutter kommt eine Woche fr\u00fcher als erwartet zur\u00fcck\u2026[\/vc_column_text][dfd_spacer screen_wide_spacer_size=&#8221;20&#8243; screen_normal_resolution=&#8221;1024&#8243; screen_tablet_resolution=&#8221;800&#8243; screen_mobile_resolution=&#8221;480&#8243;][dfd_heading subtitle=&#8221;&#8221; content_alignment=&#8221;text-left&#8221; enable_delimiter=&#8221;&#8221; undefined=&#8221;&#8221; title_font_options=&#8221;tag:h4&#8243; subtitle_font_options=&#8221;tag:div&#8221;]<\/p>\n<h4>Theatergesellschaft Spreitenbach<\/h4>\n<p>[\/dfd_heading][\/vc_column_inner][\/vc_row_inner][dfd_spacer screen_wide_spacer_size=&#8221;50&#8243; screen_normal_resolution=&#8221;1024&#8243; screen_tablet_resolution=&#8221;800&#8243; screen_mobile_resolution=&#8221;480&#8243;][dfd_delimiter icon_size=&#8221;10&#8243; delimiter_height=&#8221;2&#8243; delimiter_border_style=&#8221;inset&#8221; module_animation=&#8221;transition.fadeIn&#8221; undefined=&#8221;&#8221; delim_line_color=&#8221;#ffffff&#8221; icon_color=&#8221;#ffffff&#8221;][vc_row_inner dfd_row_responsive_enable=&#8221;dfd-row-responsive-enable&#8221; css=&#8221;.vc_custom_1698670658311{margin-right: 20px !important;margin-left: 20px !important;}&#8221;][vc_column_inner][dfd_spacer screen_wide_spacer_size=&#8221;10&#8243; screen_normal_resolution=&#8221;1024&#8243; screen_tablet_resolution=&#8221;800&#8243; screen_mobile_resolution=&#8221;480&#8243;][dfd_heading subtitle=&#8221;Von 2017 bis 2023&#8243; content_alignment=&#8221;text-left&#8221; enable_delimiter=&#8221;&#8221; undefined=&#8221;&#8221; title_font_options=&#8221;tag:h2&#8243; subtitle_font_options=&#8221;tag:h5|color:%23ffffff|font_style_italic:1|font_style_bold:1&#8243;]<\/p>\n<h3>Theaterauff\u00fchrungen<\/h3>\n<p>[\/dfd_heading][dfd_spacer screen_wide_spacer_size=&#8221;10&#8243; screen_normal_resolution=&#8221;1024&#8243; screen_tablet_resolution=&#8221;800&#8243; screen_mobile_resolution=&#8221;480&#8243;][vc_column_text css=&#8221;&#8221; item_animation=&#8221;transition.fadeIn&#8221;]Auf Grund von Covid und\/oder mangelnden Theaterspielern vielen die Jahre 2017-2023 leider aus.<img loading=\"lazy\" decoding=\"async\" class=\"wp-image-12 size-thumbnail alignleft\" src=\"https:\/\/www.tgs-spreitenbach.ch\/wp-content\/uploads\/2018\/04\/TGS-Logo-Main-150x150.png\" alt=\"\" width=\"150\" height=\"150\" \/>[\/vc_column_text][dfd_spacer screen_wide_spacer_size=&#8221;20&#8243; screen_normal_resolution=&#8221;1024&#8243; screen_tablet_resolution=&#8221;800&#8243; screen_mobile_resolution=&#8221;480&#8243;][dfd_heading subtitle=&#8221;&#8221; content_alignment=&#8221;text-left&#8221; enable_delimiter=&#8221;&#8221; undefined=&#8221;&#8221; title_font_options=&#8221;tag:h4&#8243; subtitle_font_options=&#8221;tag:div&#8221;]<\/p>\n<h4>Theatergesellschaft Spreitenbach<\/h4>\n<p>[\/dfd_heading][\/vc_column_inner][\/vc_row_inner][dfd_spacer screen_wide_spacer_size=&#8221;50&#8243; screen_normal_resolution=&#8221;1024&#8243; screen_tablet_resolution=&#8221;800&#8243; screen_mobile_resolution=&#8221;480&#8243;][dfd_delimiter icon_size=&#8221;10&#8243; delimiter_height=&#8221;2&#8243; delimiter_border_style=&#8221;inset&#8221; module_animation=&#8221;transition.fadeIn&#8221; undefined=&#8221;&#8221; delim_line_color=&#8221;#ffffff&#8221; icon_color=&#8221;#ffffff&#8221;][vc_row_inner dfd_row_responsive_enable=&#8221;dfd-row-responsive-enable&#8221; css=&#8221;.vc_custom_1698670658311{margin-right: 20px !important;margin-left: 20px !important;}&#8221;][vc_column_inner][dfd_spacer screen_wide_spacer_size=&#8221;10&#8243; screen_normal_resolution=&#8221;1024&#8243; screen_tablet_resolution=&#8221;800&#8243; screen_mobile_resolution=&#8221;480&#8243;][dfd_heading subtitle=&#8221;&#8221; content_alignment=&#8221;text-left&#8221; enable_delimiter=&#8221;&#8221; undefined=&#8221;&#8221; title_font_options=&#8221;tag:h2&#8243; subtitle_font_options=&#8221;tag:div&#8221;]<\/p>\n<h3>Holzers Peepshow 2016<\/h3>\n<p>[\/dfd_heading][dfd_spacer screen_wide_spacer_size=&#8221;10&#8243; screen_normal_resolution=&#8221;1024&#8243; screen_tablet_resolution=&#8221;800&#8243; screen_mobile_resolution=&#8221;480&#8243;][vc_column_text item_animation=&#8221;transition.fadeIn&#8221;]<img loading=\"lazy\" decoding=\"async\" class=\"size-medium wp-image-522 alignleft\" src=\"https:\/\/www.tgs-spreitenbach.ch\/wp-content\/uploads\/2018\/05\/Alpeluft-und-Muusgift-2015-102-300x200.jpg\" alt=\"\" width=\"300\" height=\"200\" srcset=\"https:\/\/www.tgs-spreitenbach.ch\/wp-content\/uploads\/2018\/05\/Alpeluft-und-Muusgift-2015-102-300x200.jpg 300w, https:\/\/www.tgs-spreitenbach.ch\/wp-content\/uploads\/2018\/05\/Alpeluft-und-Muusgift-2015-102-768x512.jpg 768w, https:\/\/www.tgs-spreitenbach.ch\/wp-content\/uploads\/2018\/05\/Alpeluft-und-Muusgift-2015-102-1024x682.jpg 1024w, https:\/\/www.tgs-spreitenbach.ch\/wp-content\/uploads\/2018\/05\/Alpeluft-und-Muusgift-2015-102-600x400.jpg 600w, https:\/\/www.tgs-spreitenbach.ch\/wp-content\/uploads\/2018\/05\/Alpeluft-und-Muusgift-2015-102.jpg 1820w\" sizes=\"auto, (max-width: 300px) 100vw, 300px\" \/>Wie Mitte April 2016 in den Medien bereits mitgeteilt, heisst das diesj\u00e4hrige St\u00fcck, welches gespielt wird: \u00abHolzers Peepshow\u00bb. Es ist eine Kom\u00f6die in f\u00fcnf Akten von Markus K\u00f6beli unter der Regie von Ueli Hirzel. Nach einer kurzen Pause in den Herbstferien wird nun wieder fleissig zweimal pro Woche geprobt. Bis zur ersten Auff\u00fchrung vergehen gerade noch f\u00fcnf Wochen in welchen das St\u00fcck bis zur Perfektion einge\u00fcbt werden muss. Hier eine kleine Vorschau auf das St\u00fcck: Der Bauernfamilie Holzer geht es finanziell nicht gut: Die Landwirtschaft rentiert nicht mehr, im Stall befindet sich eine einzige Kuh und durch die Automatisierung der Skilifte geht ein Nebenverdienst verloren. So entschliesst sich die Familie \u2013 einschliesslich des Grossvaters \u2013 den Touristen das wahre und unverf\u00e4lschte Leben auf dem Lande zu bieten. Sie richten eine Peepshow ein und lassen sich den Blick in die gute Stube und ihre heile Welt bezahlen.<br \/>\nHier nochmals zur Erinnerung die Daten, an welchen das Theater aufgef\u00fchrt wird:<br \/>\nAm ersten Wochenende vom 2.\/3. und 4. Dezember am Freitagabend, Samstagabend und Sonntagnachmittag. Am zweiten Wochenende vom 9.\/10. und 11. Dezember am Freitagabend, Samstagabend und am Sonntagnachmittag die traditionelle Senioren-vorstellung. Im Rahmen des Jubil\u00e4ums \u00ab60 Jahre Theatergesellschaft\u00bb wird es eine neue, festliche Bestuhlung geben. Die Besucher sitzen zu viert an kleinen Tischchen und haben zuerst ein festliches Ambiente zum Nachtessen und nachher einen optimalen Blick auf die B\u00fchne. Und als T\u00fcpfelchen auf dem i ist vorgesehen, an den Auff\u00fchrungen auch ein \u00abausgesuchtes\u00bb Menu zu pr\u00e4sentieren. Im Programmheft, welches anfangs November in die Haushalte verteilt wird, k\u00f6nnen Sie dann mehr \u00fcber das kulinarische Angebot erfahren. Die Mitglieder der Theatergesellschaft freuen sich auf die Theaterwochenende 2016 und heissen Sie bereits jetzt herzlich willkommen.[\/vc_column_text][\/vc_column_inner][\/vc_row_inner][dfd_spacer screen_wide_spacer_size=&#8221;20&#8243; screen_normal_resolution=&#8221;1024&#8243; screen_tablet_resolution=&#8221;800&#8243; screen_mobile_resolution=&#8221;480&#8243;][dfd_heading subtitle=&#8221;&#8221; content_alignment=&#8221;text-left&#8221; enable_delimiter=&#8221;&#8221; undefined=&#8221;&#8221; title_font_options=&#8221;tag:h4&#8243; subtitle_font_options=&#8221;tag:div&#8221;]<\/p>\n<h4>Theatergesellschaft Spreitenbach<\/h4>\n<p>[\/dfd_heading][dfd_spacer screen_wide_spacer_size=&#8221;50&#8243; screen_normal_resolution=&#8221;1024&#8243; screen_tablet_resolution=&#8221;800&#8243; screen_mobile_resolution=&#8221;480&#8243;][dfd_delimiter icon_size=&#8221;10&#8243; delimiter_height=&#8221;2&#8243; delimiter_border_style=&#8221;inset&#8221; module_animation=&#8221;transition.fadeIn&#8221; undefined=&#8221;&#8221; delim_line_color=&#8221;#ffffff&#8221; icon_color=&#8221;#ffffff&#8221;][vc_row_inner css=&#8221;.vc_custom_1698671976511{margin-right: 20px !important;margin-left: 20px !important;}&#8221;][vc_column_inner][dfd_spacer screen_wide_spacer_size=&#8221;50&#8243; screen_normal_resolution=&#8221;1024&#8243; screen_tablet_resolution=&#8221;800&#8243; screen_mobile_resolution=&#8221;480&#8243;][dfd_heading subtitle=&#8221;&#8221; content_alignment=&#8221;text-left&#8221; enable_delimiter=&#8221;&#8221; undefined=&#8221;&#8221; title_font_options=&#8221;tag:h2&#8243; subtitle_font_options=&#8221;tag:div&#8221;]<\/p>\n<h3><strong>\u00abNEWS\u00bb von der Theatergesellschaft Spreitenbach<\/strong><\/h3>\n<p>[\/dfd_heading][dfd_spacer screen_wide_spacer_size=&#8221;10&#8243; screen_normal_resolution=&#8221;1024&#8243; screen_tablet_resolution=&#8221;800&#8243; screen_mobile_resolution=&#8221;480&#8243;][vc_column_text]<img loading=\"lazy\" decoding=\"async\" class=\"size-medium wp-image-227 alignleft\" src=\"https:\/\/www.tgs-spreitenbach.ch\/wp-content\/uploads\/2018\/04\/TGS-News-300x151.jpg\" alt=\"\" width=\"300\" height=\"151\" \/>Bis zur ersten Vorstandssitzung am 6. April konnten zwei weitere Mitglieder zur Mitarbeit gewonnen werden, somit ist der Vorstand nun wieder komplett. Dieser setzt sich aktuell wie folgt zusammen: Pr\u00e4sidentin: Doris Schmid, Kassierin: Anja Streichen-berg, Beisitzerin: Andrea Laube, Aktuar: Willy Lehmann. Jetzt ist der Vorstand bestens ger\u00fcstet, um die umfangreichen Vorbereitungsarbeiten f\u00fcr das Jubil\u00e4umsjahr in Angriff zu nehmen.<br \/>\nAls erste Arbeit im neuen Vorstand wurden die definitiven Auff\u00fchrungsdaten festgelegt.<br \/>\nDie Auff\u00fchrungen finden wie folgt statt: Am ersten Wochenende vom 2.\/3. und 4. Dezember am Freitagabend, Samstagabend und Sonntagnachmittag. Am zweiten Wochenende vom 9.\/10. und 11. Dezember am Freitagabend, Samstagabend und am\u00a0Sonntagnachmittag die traditionelle Seniorenvorstellung.<br \/>\nIm Rahmen des Jubil\u00e4ums \u00ab60 Jahre Theatergesellschaft\u00bb wird es eine etwas festlichere Bestuhlung geben. Es werden pro Vorstellung nicht mehr so viele Leute Platz finden, daf\u00fcr gibt es dann sechs Vorstellungen.<br \/>\nUnd als T\u00fcpfelchen auf dem i ist vorgesehen, an den Auff\u00fchrungen auch ein \u00abausge-suchtes\u00bb Menu zu pr\u00e4sentieren. Der Vorstand wird sich n\u00e4chstens mit dem K\u00fcchenchef zusammensetzen, um diesen kulinarischen H\u00f6henflug zu planen.<br \/>\nDas St\u00fcck, welches gespielt wird, ist inzwischen auch bekannt. Es heisst: \u00abHolzers Peepshow\u00bb. Die Schauspieler sind gefunden und mit den Proben dazu, soll n\u00e4chstens begonnen werden. Die Mitglieder der Theatergesellschaft freuen sich sehr, unserem treuen Publikum einmal etwas \u00abSpezielles\u00bb zu bieten.[\/vc_column_text][\/vc_column_inner][\/vc_row_inner][dfd_spacer screen_wide_spacer_size=&#8221;20&#8243; screen_normal_resolution=&#8221;1024&#8243; screen_tablet_resolution=&#8221;800&#8243; screen_mobile_resolution=&#8221;480&#8243;][dfd_heading subtitle=&#8221;&#8221; content_alignment=&#8221;text-left&#8221; enable_delimiter=&#8221;&#8221; undefined=&#8221;&#8221; title_font_options=&#8221;tag:h4&#8243; subtitle_font_options=&#8221;tag:div&#8221;]<\/p>\n<h4>Theatergesellschaft Spreitenbach<\/h4>\n<p>[\/dfd_heading][dfd_spacer screen_wide_spacer_size=&#8221;50&#8243; screen_normal_resolution=&#8221;1024&#8243; screen_tablet_resolution=&#8221;800&#8243; screen_mobile_resolution=&#8221;480&#8243;][dfd_delimiter icon_size=&#8221;10&#8243; delimiter_height=&#8221;2&#8243; delimiter_border_style=&#8221;inset&#8221; module_animation=&#8221;transition.fadeIn&#8221; undefined=&#8221;&#8221; delim_line_color=&#8221;#ffffff&#8221; icon_color=&#8221;#ffffff&#8221;][vc_row_inner css=&#8221;.vc_custom_1698677814872{margin-right: 20px !important;margin-left: 20px !important;}&#8221;][vc_column_inner col_inner_shadow=&#8221;box_shadow_enable:disable|shadow_horizontal:0|shadow_vertical:15|shadow_blur:50|shadow_spread:0|box_shadow_color:rgba(0%2C0%2C0%2C0.35)&#8221; col_inner_shadow_hover=&#8221;box_shadow_enable:disable|shadow_horizontal:0|shadow_vertical:15|shadow_blur:50|shadow_spread:0|box_shadow_color:rgba(0%2C0%2C0%2C0.35)&#8221;][dfd_spacer screen_wide_spacer_size=&#8221;50&#8243; screen_normal_resolution=&#8221;1024&#8243; screen_tablet_resolution=&#8221;800&#8243; screen_mobile_resolution=&#8221;480&#8243;][dfd_heading subtitle=&#8221;&#8221; content_alignment=&#8221;text-left&#8221; enable_delimiter=&#8221;&#8221; undefined=&#8221;&#8221; title_font_options=&#8221;tag:h2&#8243; subtitle_font_options=&#8221;tag:div&#8221;]<\/p>\n<h3>Vorstand nach Generalversammlung noch nicht komplett<\/h3>\n<p>[\/dfd_heading][dfd_spacer screen_wide_spacer_size=&#8221;10&#8243; screen_normal_resolution=&#8221;1024&#8243; screen_tablet_resolution=&#8221;800&#8243; screen_mobile_resolution=&#8221;480&#8243;][\/vc_column_inner][\/vc_row_inner][vc_column_text css=&#8221;.vc_custom_1698677915864{margin-right: 20px !important;margin-left: 20px !important;}&#8221;]<img loading=\"lazy\" decoding=\"async\" class=\"alignleft wp-image-12 size-thumbnail\" src=\"https:\/\/www.tgs-spreitenbach.ch\/wp-content\/uploads\/2018\/04\/TGS-Logo-Main-150x150.png\" alt=\"\" width=\"150\" height=\"150\" \/>16 Personen fanden sich am 18. M\u00e4rz 2016 im Altersheim Spreitenbach ein, um an der Generalversammlung der Theatergesellschaft Spreitenbach teilzunehmen.Nach der Begr\u00fcssung durch die Pr\u00e4sidentin, Doris Schmid, widmete man sich zuerst dem feinen,\u00a0von der K\u00fcche des Altersheims, mit viel Liebe zubereitetem Nachtessen. Anschliessend ging man daran, die Traktanden zur Generalversammlung abzuwickeln. Mit einem grossen Applaus, einem Pr\u00e4sent und der Verleihung der Ehrenmitgliedschaft wurde der Kassierin Andrea Weber f\u00fcr ihre langj\u00e4hrige Mitarbeit im Vorstand gedankt. Auch Miquel Perez wurde mit einem Pr\u00e4sent als Beisitzer aus dem Vorstand verabschiedet. F\u00fcr seine langj\u00e4hrige Mitwirkung und sein grosses Engagement z. B. als Chauffeur wurde Karl (Kari) Weber zum Ehrenmitglied ernannt. Neu in den Vorstand wurde Willy Lehmann als Aktuar gew\u00e4hlt. Doris Schmid wird weiterhin als Pr\u00e4sidentin zur Verf\u00fcgung stehen. Der Regisseur Ueli Hirzel bedankte sich mit einem Blumenstrauss und herzlichen Worten f\u00fcr ihr Engagement zum Gelingen des Theaters 2015. Weitere Vorstandsmitglieder konnten nicht gew\u00e4hlt werden, da keine Kandidatinnen bzw. Kandidaten zur Verf\u00fcgung standen. Man ist jedoch zuversichtlich, den Vorstand in den n\u00e4chsten Wochen komplettieren zu k\u00f6nnen.<\/p>\n<p>Unter dem Traktandum Verschiedenes wurden die Daten f\u00fcr die Theaterauff\u00fchrungen 2016 bekanntgegeben. Die Auff\u00fchrungen finden am 2.\/3.\/4 Dezember und am 9.\/10. Dezember statt. Die Spielkommission hat sich bereits f\u00fcr ein St\u00fcck entschieden. Weitere Informationen dazu werden folgen. Hier nochmals der Hinweis, dass wir f\u00fcr dieses Jubil\u00e4ums-Projekt, n\u00e4mlich 60 Jahre TGS-Spreitenbach, Theaterbegeisterte Leute f\u00fcr die unterschiedlichsten Aufgaben suchen. Wer an einer Mitarbeit an diesem Theater-projekt interessiert ist, kann sich auf unserer Homepage, www.tgs-spreitenbach.ch, unter der Rubrik \u00abTheater 2016\u00bb melden, um weitere Informationen zu erhalten.[\/vc_column_text][dfd_spacer screen_wide_spacer_size=&#8221;20&#8243; screen_normal_resolution=&#8221;1024&#8243; screen_tablet_resolution=&#8221;800&#8243; screen_mobile_resolution=&#8221;480&#8243;][dfd_heading subtitle=&#8221;&#8221; content_alignment=&#8221;text-left&#8221; enable_delimiter=&#8221;&#8221; undefined=&#8221;&#8221; title_font_options=&#8221;tag:h4&#8243; subtitle_font_options=&#8221;tag:div&#8221;]<\/p>\n<h4>Theatergesellschaft Spreitenbach<\/h4>\n<p>[\/dfd_heading][dfd_spacer screen_wide_spacer_size=&#8221;50&#8243; screen_normal_resolution=&#8221;1024&#8243; screen_tablet_resolution=&#8221;800&#8243; screen_mobile_resolution=&#8221;480&#8243;][dfd_delimiter icon_size=&#8221;10&#8243; delimiter_height=&#8221;2&#8243; delimiter_border_style=&#8221;inset&#8221; module_animation=&#8221;transition.fadeIn&#8221; undefined=&#8221;&#8221; delim_line_color=&#8221;#ffffff&#8221; icon_color=&#8221;#ffffff&#8221;][vc_row_inner css=&#8221;.vc_custom_1698672029049{margin-right: 20px !important;margin-left: 20px !important;}&#8221;][vc_column_inner][dfd_spacer screen_wide_spacer_size=&#8221;50&#8243; screen_normal_resolution=&#8221;1024&#8243; screen_tablet_resolution=&#8221;800&#8243; screen_mobile_resolution=&#8221;480&#8243;][dfd_heading subtitle=&#8221;&#8221; content_alignment=&#8221;text-left&#8221; enable_delimiter=&#8221;&#8221; undefined=&#8221;&#8221; title_font_options=&#8221;tag:h2&#8243; subtitle_font_options=&#8221;tag:div&#8221;]<\/p>\n<h3>Noch rund eine Woche bis zur Premiere<\/h3>\n<p>[\/dfd_heading][dfd_spacer screen_wide_spacer_size=&#8221;10&#8243; screen_normal_resolution=&#8221;1024&#8243; screen_tablet_resolution=&#8221;800&#8243; screen_mobile_resolution=&#8221;480&#8243;][vc_column_text]<img loading=\"lazy\" decoding=\"async\" class=\"alignleft wp-image-12 size-thumbnail\" src=\"https:\/\/www.tgs-spreitenbach.ch\/wp-content\/uploads\/2018\/04\/TGS-Logo-Main-150x150.png\" alt=\"\" width=\"150\" height=\"150\" \/><\/p>\n<p>Der Tag der Premiere f\u00fcr die diesj\u00e4hrige Auff\u00fchrung der Theatergesellschaft Spreitenbach r\u00fcckt immer n\u00e4her. Die Schauspielerinnen und Schauspieler sind bestens vorbereitet, damit das diesj\u00e4hrige St\u00fcck beim Publikum ankommt. Wie bereits fr\u00fcher mitgeteilt, wird in diesem Jahr nur ein 1-Akter gespielt.<\/p>\n<p>Hier ein kurzer Abriss<span class=\"Apple-converted-space\">\u00a0 <\/span>\u00fcber das St\u00fcck, welches gespielt wird:<\/p>\n<p>Das Ehepaar Lunzi (Migi Perez) und R\u00f6si (Edith B\u00fchn) bewirtschaften den Bauernbetrieb auf dem Chratzlibode. Da meistens zu wenig Geld vorhanden ist, versucht man mit dem Verkauf von Alpk\u00e4se und mit Ferieng\u00e4sten die finanzielle Notlage etwas aufzubessern. Lunzi hat allerdings auf dem Hof nicht viel zu sagen, er ist total unter dem Pantoffel seiner Frau R\u00f6si. Damit er bei seiner kargen Freizeit nicht auf dumme Gedanken kommt, muss er auf ihren Befehl sogar das Stricken lernen. Manchmal kommt gl\u00fccklicherweise Bartli (Chris Bohn) der Freund von Lunzi vorbei und so k\u00f6nnen sie zusammen ausgiebig diskutieren und wenn R\u00f6si nicht anwesend ist, auch mal ein Schn\u00e4pschen trinken. Vreni, (Heidi Eichholzer) Magd auf dem Chratzlibode ist nicht gerade ein Ausbund an Gescheidheit. Sie ist total verliebt in Bartli. Allerdings ist dieser von der besitzergreifenden Liebe nicht gerade begeistert. Und dann ist da noch Niki (Deborah Schaffer) als Feriengast auf dem Chratzlibode. Weil sie nicht im Haus schlafen will, stellt sie kurzerhand ihr Zelt im Garten auf. Sie versucht eines Morgens, Lunzi f\u00fcr die Musik der jungen Generation zu begeistern. Was allerdings R\u00f6si \u00fcberhaupt nicht gef\u00e4llt. Lunzi und Bartli bemerken eines Tages, dass immer weniger K\u00e4se vorhanden ist und vermuten, dass dieser von den M\u00e4usen gefressen worden ist. Um Abhilfe zu schaffen, beschliessen sie kurzerhand, M\u00e4usegift in den K\u00e4se zu stecken. Und dann taucht auch noch das Fr\u00e4ulein Roswitha von Rotz (Daniela Sieber Nick) auf dem Chratzlibode auf. Als Esotherik Fan ist sie anf\u00e4nglich nicht gerade begeistert \u00fcber das d\u00fcrftige Angebot auf dem Chratzlibode. Sie l\u00e4sst sich dann doch \u00fcberreden, ihre Ferien auf dem Chratzlibode zu verbringen und probiert sogar von dem mit M\u00e4usegift pr\u00e4parierten K\u00e4se. Was dann passiert, schafft einige Momente grosser Aufregung und endet damit, das Fr\u00e4ulein Roswitha von Rotz auf einmal hell begeistert ist von Ferien auf dem Bauernhof. Sie verspricht, allen ihren Freundinnen und Bekannten Ferien auf dem Chratzlibode w\u00e4rmsten zu empfehlen. So sind erstmals die finanziellen Probleme gel\u00f6st und das muss nat\u00fcrlich von allen Beteiligten ausgiebig gefeiert werden.[\/vc_column_text][dfd_spacer screen_wide_spacer_size=&#8221;20&#8243; screen_normal_resolution=&#8221;1024&#8243; screen_tablet_resolution=&#8221;800&#8243; screen_mobile_resolution=&#8221;480&#8243;][dfd_heading subtitle=&#8221;&#8221; content_alignment=&#8221;text-left&#8221; enable_delimiter=&#8221;&#8221; undefined=&#8221;&#8221; title_font_options=&#8221;tag:h4&#8243; subtitle_font_options=&#8221;tag:div&#8221;]<\/p>\n<h4>Theatergesellschaft Spreitenbach<\/h4>\n<p>[\/dfd_heading][dfd_spacer screen_wide_spacer_size=&#8221;50&#8243; screen_normal_resolution=&#8221;1024&#8243; screen_tablet_resolution=&#8221;800&#8243; screen_mobile_resolution=&#8221;480&#8243;][dfd_delimiter icon_size=&#8221;10&#8243; delimiter_height=&#8221;2&#8243; delimiter_border_style=&#8221;inset&#8221; module_animation=&#8221;transition.fadeIn&#8221; undefined=&#8221;&#8221; delim_line_color=&#8221;#ffffff&#8221; icon_color=&#8221;#ffffff&#8221;][\/vc_column_inner][\/vc_row_inner][vc_row_inner css=&#8221;.vc_custom_1698672046768{margin-right: 20px !important;margin-left: 20px !important;}&#8221;][vc_column_inner][dfd_spacer screen_wide_spacer_size=&#8221;50&#8243; screen_normal_resolution=&#8221;1024&#8243; screen_tablet_resolution=&#8221;800&#8243; screen_mobile_resolution=&#8221;480&#8243;][dfd_heading subtitle=&#8221;&#8221; content_alignment=&#8221;text-left&#8221; enable_delimiter=&#8221;&#8221; undefined=&#8221;&#8221; title_font_options=&#8221;tag:h2&#8243; subtitle_font_options=&#8221;tag:div&#8221;]<\/p>\n<h3>Das Rahmenprogramm steht fest<\/h3>\n<p>[\/dfd_heading][dfd_spacer screen_wide_spacer_size=&#8221;10&#8243; screen_normal_resolution=&#8221;1024&#8243; screen_tablet_resolution=&#8221;800&#8243; screen_mobile_resolution=&#8221;480&#8243;][vc_column_text]<img loading=\"lazy\" decoding=\"async\" class=\"alignleft wp-image-12 size-thumbnail\" src=\"https:\/\/www.tgs-spreitenbach.ch\/wp-content\/uploads\/2018\/04\/TGS-Logo-Main-150x150.png\" alt=\"\" width=\"150\" height=\"150\" \/><\/p>\n<p>Wie bereits Mitte September mitgeteilt, wird die Theatergesellschaft Spreitenbach 2015 nun doch ein St\u00fcck spielen. Allerdings nicht wie gewohnt ein 3-Akter, sondern ein 1-Akter mit dem Titel \u201eAlpeluft und Muusgift\u201c. Die Regie liegt in den H\u00e4nden von Ueli Hirzel. F\u00fcr die Regieassistenz ist Nelly Hirzel verantwortlich. Sie sind beide daf\u00fcr besorgt, dass das St\u00fcck bis zu den Auff\u00fchrungsdaten perfekt einstudiert ist. Wie konzentriert man bei der Sache ist, zeigen die Fotos von den Proben. Das diesj\u00e4hrige St\u00fcck spielt auf dem Chratzlibode wo finanzielle Notlage herrscht. Man versucht, diese mit dem Verkauf von Alpk\u00e4se und mit Ferieng\u00e4sten aufzubessern. Als aber immer weniger K\u00e4se am Lager liegt, glaubt man, das dieser von den M\u00e4usen stibitzt worden ist. Um die M\u00e4useplage loszuwerden, steckt man kurzerhand das M\u00e4usegift in den K\u00e4se. Das hat allerdings nicht nur eine fatale Wirkung auf die M\u00e4use, sondern auch auf die Ferieng\u00e4ste, welche den K\u00e4se zum Probieren vorgesetzt bekommen.<\/p>\n<p>Wie ebenfalls schon mitgeteilt, soll ein zus\u00e4tzliches Rahmenprogramm die beiden Abende beziehungsweise den Sonntagnachmittag etwas ausf\u00fcllen. Die Suche nach Vereinen welche diese Aufgabe \u00fcbernehmen k\u00f6nnten, ist abgeschlossen. Folgende Vereine konnten f\u00fcr die Bestreitung des Rahmenprogramms verpflichtet werden. Freitagababend, 27. November: ACRIS CHOR Spreitenbach Leitung Fernando Frani, Samstagabend, 28. November: Jugendmusik Spreitenbach Leitung Marc Mehmann, Sonntagnachmittag, 29. November: M\u00e4nnerchor Spreitenbach Leitung Erika Riedo. An dieser Stelle ein herzliches Dankesch\u00f6n an die drei Vereine, welche ihr Mitwirken zugesagt haben. Zur Zeit ist man am Erstellen des Programms welches in alle Haushaltungen verteilt wird. Zum Schluss noch ein kurzer Blick in die K\u00fcche. Wie uns Gregi Nick, Chef Wirtschaft versichert, wird es wie in den letzten Jahren den beliebten Speck- und K\u00e4seteller geben. Daneben ist auch noch ein warmes Menu eingeplant. Was es genau gibt, ist noch nicht bekannt. Irgendwie soll es zum Thema des aufgef\u00fchrten Theaters passen. Was nat\u00fcrlich nicht heisst, das in der K\u00fcche demselben M\u00e4usegift beigemischt wird.[\/vc_column_text][dfd_spacer screen_wide_spacer_size=&#8221;20&#8243; screen_normal_resolution=&#8221;1024&#8243; screen_tablet_resolution=&#8221;800&#8243; screen_mobile_resolution=&#8221;480&#8243;][dfd_heading subtitle=&#8221;&#8221; content_alignment=&#8221;text-left&#8221; enable_delimiter=&#8221;&#8221; undefined=&#8221;&#8221; title_font_options=&#8221;tag:h4&#8243; subtitle_font_options=&#8221;tag:div&#8221;]<\/p>\n<h4>Theatergesellschaft Spreitenbach<\/h4>\n<p>[\/dfd_heading][dfd_spacer screen_wide_spacer_size=&#8221;50&#8243; screen_normal_resolution=&#8221;1024&#8243; screen_tablet_resolution=&#8221;800&#8243; screen_mobile_resolution=&#8221;480&#8243;][dfd_delimiter icon_size=&#8221;10&#8243; delimiter_height=&#8221;2&#8243; delimiter_border_style=&#8221;inset&#8221; module_animation=&#8221;transition.fadeIn&#8221; undefined=&#8221;&#8221; delim_line_color=&#8221;#ffffff&#8221; icon_color=&#8221;#ffffff&#8221;][\/vc_column_inner][\/vc_row_inner][vc_row_inner css=&#8221;.vc_custom_1698672064273{margin-right: 20px !important;margin-left: 20px !important;}&#8221;][vc_column_inner][dfd_spacer screen_wide_spacer_size=&#8221;50&#8243; screen_normal_resolution=&#8221;1024&#8243; screen_tablet_resolution=&#8221;800&#8243; screen_mobile_resolution=&#8221;480&#8243;][dfd_heading subtitle=&#8221;&#8221; content_alignment=&#8221;text-left&#8221; enable_delimiter=&#8221;&#8221; undefined=&#8221;&#8221; title_font_options=&#8221;tag:h2&#8243; subtitle_font_options=&#8221;tag:div&#8221;]<\/p>\n<h3>TGS Spreitenbach bereits fleissig am Proben<\/h3>\n<p>[\/dfd_heading][dfd_spacer screen_wide_spacer_size=&#8221;10&#8243; screen_normal_resolution=&#8221;1024&#8243; screen_tablet_resolution=&#8221;800&#8243; screen_mobile_resolution=&#8221;480&#8243;][vc_column_text]<img loading=\"lazy\" decoding=\"async\" class=\"alignleft wp-image-12 size-thumbnail\" src=\"https:\/\/www.tgs-spreitenbach.ch\/wp-content\/uploads\/2018\/04\/TGS-Logo-Main-150x150.png\" alt=\"\" width=\"150\" height=\"150\" \/><\/p>\n<p>Mitte September hat die Theatergesellschaft Spreitenbach mitgeteilt, das 2015 nun doch ein Theater stattfindet. Im Bericht war auch zu lesen, dass bereits ein St\u00fcck und die dazu erforderlichen Schauspielerinnen und Schauspieler gefunden wurden. Seit gut<br \/>\nzwei Wochen ist man nun bereits fleissig am Proben. Am Dienstag- und Donnerstag-abend sind die Akteure daran, im Kirchgemeindesaal im Hasel, das St\u00fcck einzustudieren. Wie schon erw\u00e4hnt, liegt ein 3-Akter in dieser kurzen Zeit nat\u00fcrlich nicht mehr drin, aber ein 1-Akter mit dem Titel \u201eAlpeluft und Muusgift\u201c wird wenigstens gespielt. Das diesj\u00e4hrige St\u00fcck spielt auf dem Chratzlibode. Dort herrscht finanzielle Notlage und man versucht, diese mit dem Verkauf von Alpk\u00e4se und mit Ferieng\u00e4sten aufzubessern. Als aber immer weniger K\u00e4se am Lager liegt, glaubt man, das dieser von den M\u00e4usen stibitzt worden ist. Um die M\u00e4useplage loszuwerden, steckt man kurzerhand das M\u00e4usegift in den K\u00e4se. Das hat allerdings nicht nur eine fatale Wirkung auf die M\u00e4use, sondern auch auf die Ferieng\u00e4ste, welche den K\u00e4se zum Probieren vorgesetzt bekommen. Hier nochmals zur Erinnerung die Daten, an welchen das Theater aufgef\u00fchrt wird: Freitag, 27. November Premiere, Samstag, 28. November Abendvorstellung, Sonntag, 29. November, Seniorenvorstellung am Nachmittag. Zur Zeit ist man im Gespr\u00e4ch mit verschiedenen Vereinen \u00fcber das ebenfalls bereits erw\u00e4hnte Rahmenprogramm, welches den Abend beziehungsweise den Sonntag-nachmittag etwas ausf\u00fcllen soll. Sobald der Theatergesellschaft weitere Details \u00fcber das Rahmenprogram bekannt sind, wird sie dar\u00fcber orientieren.[\/vc_column_text][dfd_spacer screen_wide_spacer_size=&#8221;20&#8243; screen_normal_resolution=&#8221;1024&#8243; screen_tablet_resolution=&#8221;800&#8243; screen_mobile_resolution=&#8221;480&#8243;][dfd_heading subtitle=&#8221;&#8221; content_alignment=&#8221;text-left&#8221; enable_delimiter=&#8221;&#8221; undefined=&#8221;&#8221; title_font_options=&#8221;tag:h4&#8243; subtitle_font_options=&#8221;tag:div&#8221;]<\/p>\n<h4>Theatergesellschaft Spreitenbach<\/h4>\n<p>[\/dfd_heading][dfd_spacer screen_wide_spacer_size=&#8221;50&#8243; screen_normal_resolution=&#8221;1024&#8243; screen_tablet_resolution=&#8221;800&#8243; screen_mobile_resolution=&#8221;480&#8243;][dfd_delimiter icon_size=&#8221;10&#8243; delimiter_height=&#8221;2&#8243; delimiter_border_style=&#8221;inset&#8221; module_animation=&#8221;transition.fadeIn&#8221; undefined=&#8221;&#8221; delim_line_color=&#8221;#ffffff&#8221; icon_color=&#8221;#ffffff&#8221;][\/vc_column_inner][\/vc_row_inner][vc_row_inner dfd_row_responsive_enable=&#8221;dfd-row-responsive-enable&#8221; responsive_styles=&#8221;margin_left_desktop:20|margin_right_desktop:20|margin_left_mobile:20|margin_right_mobile:20&#8243;][vc_column_inner][dfd_spacer screen_wide_spacer_size=&#8221;50&#8243; screen_normal_resolution=&#8221;1024&#8243; screen_tablet_resolution=&#8221;800&#8243; screen_mobile_resolution=&#8221;480&#8243;][dfd_heading subtitle=&#8221;&#8221; content_alignment=&#8221;text-left&#8221; enable_delimiter=&#8221;&#8221; undefined=&#8221;&#8221; title_font_options=&#8221;tag:h2&#8243; subtitle_font_options=&#8221;tag:div&#8221;]<\/p>\n<h3>2015 nun doch ein Theater in Spreitenbach<\/h3>\n<p>[\/dfd_heading][dfd_spacer screen_wide_spacer_size=&#8221;10&#8243; screen_normal_resolution=&#8221;1024&#8243; screen_tablet_resolution=&#8221;800&#8243; screen_mobile_resolution=&#8221;480&#8243;][vc_column_text]<img loading=\"lazy\" decoding=\"async\" class=\"alignleft wp-image-12 size-thumbnail\" src=\"https:\/\/www.tgs-spreitenbach.ch\/wp-content\/uploads\/2018\/04\/TGS-Logo-Main-150x150.png\" alt=\"\" width=\"150\" height=\"150\" \/><\/p>\n<p>Nachdem die Theatergesellschaft Spreitenbach anfangs Juni mitteilte, das 2015 kein Theater stattfindet, wurden die Mitglieder verschiedentlich von Theaterbesuchern darauf angesprochen. Man fand es schade, das in diesem Jahr kein Theater gespielt wird und vor allem die Seniorinnen und Senioren bedauerten nat\u00fcrlich den Wegfall der Nachmittagsvorstellung. Aufgrund dieser vielen R\u00fcckmeldungen von treuen Theaterbesuchern, hat sich nach den Sommerferien ein kleines Gr\u00fcppchen von langj\u00e4hrigen Mitgliedern zu einer kurzfristig einberufenen Sitzung getroffen. Einziges Thema des Abends war die Rettung der Theatervorstellung 2015. Nach eingehender Diskussion war man sich einig, das mit allen Mitteln versucht werden sollte, f\u00fcr 2015 ein Theater auf die Beine zu stellen. Ein 3-Akter lag in dieser kurzen Zeit nat\u00fcrlich nicht mehr drin, aber ein 1-Akter sollte wenigstens gespielt werden Eventuell mit einem Rahmenprogramm, das man noch festlegen m\u00fcsste. Nach dieser Sitzung machte man sich daran, die Termine festzulegen und ein geeignetes St\u00fcck zu suchen. Das Theater 2015 wird nun an folgenden Daten aufgef\u00fchrt: Freitag, 27. November Premiere, Samstag, 28. November Abendvorstellung, Sonntag, 29. November, Seniorenvor-stellung am Nachmittag. Ein geeignetes Thetaterst\u00fcck und die dazu erforderlichen Schauspielerinnen und Schauspieler wurden auch gefunden. Das St\u00fcck ist ein 1-Akter und tr\u00e4gt den Titel: \u201eAlpeluft und Muusgift\u201c. Demn\u00e4chst wird mit den Theaterproben begonnen und die Akteure auf der B\u00fchne m\u00fcssen sich t\u00fcchtig ins Zeug legen um in dieser kurzen Zeitspanne das St\u00fcck einzustudieren. Ebenfalls sicher ist, das die obligate Bewirtung, warme und kalte K\u00fcche, Kuchenbuffet sowie alle Arten von Getr\u00e4nken, gew\u00e4hrleistet ist. Eine Tombola wird es auch geben. \u00dcber das in Aussicht gestellte Rahmenprogram wird die Theatergesellschaft orientieren, sobald weitere Details dazu bekannt sind. Die Mitglieder der Theatergesellschaft sind begeistert, das doch noch ein St\u00fcck gespielt wird und freuen sich, die Theaterbesucher zu drei tollen Auff\u00fchrungen einladen zu d\u00fcrfen.[\/vc_column_text][dfd_spacer screen_wide_spacer_size=&#8221;20&#8243; screen_normal_resolution=&#8221;1024&#8243; screen_tablet_resolution=&#8221;800&#8243; screen_mobile_resolution=&#8221;480&#8243;][dfd_heading subtitle=&#8221;&#8221; content_alignment=&#8221;text-left&#8221; enable_delimiter=&#8221;&#8221; undefined=&#8221;&#8221; title_font_options=&#8221;tag:h4&#8243; subtitle_font_options=&#8221;tag:div&#8221;]<\/p>\n<h4>Theatergesellschaft Spreitenbach<\/h4>\n<p>[\/dfd_heading][dfd_spacer screen_wide_spacer_size=&#8221;50&#8243; screen_normal_resolution=&#8221;1024&#8243; screen_tablet_resolution=&#8221;800&#8243; screen_mobile_resolution=&#8221;480&#8243;][dfd_delimiter icon_size=&#8221;10&#8243; delimiter_height=&#8221;2&#8243; delimiter_border_style=&#8221;inset&#8221; module_animation=&#8221;transition.fadeIn&#8221; undefined=&#8221;&#8221; delim_line_color=&#8221;#ffffff&#8221; icon_color=&#8221;#ffffff&#8221;][\/vc_column_inner][\/vc_row_inner][vc_row_inner dfd_row_responsive_enable=&#8221;dfd-row-responsive-enable&#8221; responsive_styles=&#8221;margin_left_desktop:20|margin_right_desktop:20|margin_left_mobile:20|margin_right_mobile:20&#8243;][vc_column_inner][dfd_spacer screen_wide_spacer_size=&#8221;50&#8243; screen_normal_resolution=&#8221;1024&#8243; screen_tablet_resolution=&#8221;800&#8243; screen_mobile_resolution=&#8221;480&#8243;][dfd_heading subtitle=&#8221;&#8221; content_alignment=&#8221;text-left&#8221; enable_delimiter=&#8221;&#8221; undefined=&#8221;&#8221; title_font_options=&#8221;tag:h2&#8243; subtitle_font_options=&#8221;tag:div&#8221;]<\/p>\n<h3>\u201eL\u00fcge, Tod und T\u00fc\u00fcfel\u201c (Theaterst\u00fcck 2014)<\/h3>\n<p>[\/dfd_heading][dfd_spacer screen_wide_spacer_size=&#8221;10&#8243; screen_normal_resolution=&#8221;1024&#8243; screen_tablet_resolution=&#8221;800&#8243; screen_mobile_resolution=&#8221;480&#8243;][vc_column_text]<img loading=\"lazy\" decoding=\"async\" class=\"alignleft wp-image-12 size-thumbnail\" src=\"https:\/\/www.tgs-spreitenbach.ch\/wp-content\/uploads\/2018\/04\/TGS-Logo-Main-150x150.png\" alt=\"\" width=\"150\" height=\"150\" \/><\/p>\n<p>Zum Inhalt:<br \/>\nIm Himmel treffen sich der Teufel und Gabriel, der nun aber als Frau auftritt, in der Kantine beim Essen. Der Teufel behauptet, dass Frauen mehr L\u00fcgen als die M\u00e4nner.<br \/>\nDas kann Gabriel so nicht gelten lassen und widerspricht. Der Teufel, arglistig wie er ist, verleitet Gabriel zu einer Wette. Wenn Gabriel verliert, geh\u00f6ren die beiden Seelen dem Teufel. Man findet sich auf der Erde wieder bei der Durchschnittsfamilie Fischer\u2026&#8230;.<br \/>\nKaum zu glauben, was an einem Tag absichtlich und unabsichtlich gelogen wird.<br \/>\nMit Z\u00e4hlrahmen bewaffnet, machen die Beiden eine genaue Auflistung. Die Situation artet aus,\u2026.. dass da von der Himmelseite her geschummelt wird, bleibt indes den Erdlingen verborgen, oder etwa doch nicht?[\/vc_column_text][dfd_spacer screen_wide_spacer_size=&#8221;20&#8243; screen_normal_resolution=&#8221;1024&#8243; screen_tablet_resolution=&#8221;800&#8243; screen_mobile_resolution=&#8221;480&#8243;][dfd_heading subtitle=&#8221;&#8221; content_alignment=&#8221;text-left&#8221; enable_delimiter=&#8221;&#8221; undefined=&#8221;&#8221; title_font_options=&#8221;tag:h4&#8243; subtitle_font_options=&#8221;tag:div&#8221;]<\/p>\n<h4>Theatergesellschaft Spreitenbach<\/h4>\n<p>[\/dfd_heading][dfd_spacer screen_wide_spacer_size=&#8221;50&#8243; screen_normal_resolution=&#8221;1024&#8243; screen_tablet_resolution=&#8221;800&#8243; screen_mobile_resolution=&#8221;480&#8243;][dfd_delimiter icon_size=&#8221;10&#8243; delimiter_height=&#8221;2&#8243; delimiter_border_style=&#8221;inset&#8221; module_animation=&#8221;transition.fadeIn&#8221; undefined=&#8221;&#8221; delim_line_color=&#8221;#ffffff&#8221; icon_color=&#8221;#ffffff&#8221;][\/vc_column_inner][\/vc_row_inner][vc_row_inner][vc_column_inner][dfd_spacer screen_wide_spacer_size=&#8221;50&#8243; screen_normal_resolution=&#8221;1024&#8243; screen_tablet_resolution=&#8221;800&#8243; screen_mobile_resolution=&#8221;480&#8243;][dfd_heading subtitle=&#8221;&#8221; content_alignment=&#8221;text-left&#8221; enable_delimiter=&#8221;&#8221; undefined=&#8221;&#8221; title_font_options=&#8221;tag:h2&#8243; subtitle_font_options=&#8221;tag:div&#8221;]<\/p>\n<h3>Theatergesellschaft Spreitenbach reist auf die Rigi<\/h3>\n<p>[\/dfd_heading][dfd_spacer screen_wide_spacer_size=&#8221;10&#8243; screen_normal_resolution=&#8221;1024&#8243; screen_tablet_resolution=&#8221;800&#8243; screen_mobile_resolution=&#8221;480&#8243;][vc_column_text]<img loading=\"lazy\" decoding=\"async\" class=\"alignleft wp-image-12 size-thumbnail\" src=\"https:\/\/www.tgs-spreitenbach.ch\/wp-content\/uploads\/2018\/04\/TGS-Logo-Main-150x150.png\" alt=\"\" width=\"150\" height=\"150\" \/><\/p>\n<p>Zehn Erwachsene, ein Kind und ein Hund fanden sich am fr\u00fchen Samstagmorgen des 6. Septembers auf dem Bahnhof Killwangen ein, um die diesj\u00e4hrige Reise der Theatergesellschaft in Angriff zu nehmen. Das Ziel war nicht bekannt und so war man nat\u00fcrlich gespannt, wohin die Reise f\u00fchren w\u00fcrde. Im Schnellzug Richtung Arth-Goldau, Gotthard, Tessin wurden dann die ersten Vermutungen angestellt. In Arth-<br \/>\nGoldau hiess es aussteigen und somit war klar, dass das Ziel sicher die Rigi sein w\u00fcrde. Nach einem Kaffeehalt im nahen Restaurant Bahnhof stieg die Reisege-sellschaft in das Zahnradb\u00e4hnchen und in gem\u00fctlicher Fahrt ging es hinauf bis zur Station Rigi-Staffel.<br \/>\nDort angekommen kam der Befehl zum Aussteigen. Man ergriff die Rucks\u00e4cke und machte sich auf den Weg zum Rastplatz, wo ein Ap\u00e9ro und das Mittagessen ange-sagt waren. Zuerst auf dem Wanderweg, und dann auf einem steilen Anstieg \u00fcber die Alpweiden erreichte man nach gut dreiviertel Stunden den Rastplatz. Das zum Feuer machen bestimmte Mitglied machte sich unverz\u00fcglich an die Arbeit und die \u00fcbrigen Teilnehmer der Wanderung genehmigten sich w\u00e4hrendem einen Ap\u00e9ro.<br \/>\nNach dem Mittagessen nahm man den Aufstieg Richtung Rigi-Kulm in Angriff. Oben<br \/>\nangekommen genoss man zuerst einen Kaffee und dann die pr\u00e4chtige Aussicht auf alle Seiten. Nachdem sich alle an dem herrlichen Rundblick sattgesehen und ger\u00e4tselt hatten, welche Seen rundum zu sehen waren, wanderte man wieder zur\u00fcck<br \/>\nzur Station Rigi-Staffel. Mit dem B\u00e4hnchen fuhr man hinunter nach Arth-Goldau und<\/p>\n<p>von dort mit dem Schnellzug zur\u00fcck nach Hause. M\u00fcde, aber erf\u00fcllt von den vielen Eindr\u00fccken in Killwangen angekommen, waren sich alle Teilnehmer einig: Es war eine tolle Reise und an dieser Stelle nochmals ein herzliches Dankesch\u00f6n an die Organisatoren.<\/p>\n<p>(Bilder unter: TGS-Bereich &gt; Fotos Theaterreisen)[\/vc_column_text][dfd_spacer screen_wide_spacer_size=&#8221;20&#8243; screen_normal_resolution=&#8221;1024&#8243; screen_tablet_resolution=&#8221;800&#8243; screen_mobile_resolution=&#8221;480&#8243;][dfd_heading subtitle=&#8221;&#8221; content_alignment=&#8221;text-left&#8221; enable_delimiter=&#8221;&#8221; undefined=&#8221;&#8221; title_font_options=&#8221;tag:h4&#8243; subtitle_font_options=&#8221;tag:div&#8221;]<\/p>\n<h4>Theatergesellschaft Spreitenbach<\/h4>\n<p>[\/dfd_heading][dfd_spacer screen_wide_spacer_size=&#8221;50&#8243; screen_normal_resolution=&#8221;1024&#8243; screen_tablet_resolution=&#8221;800&#8243; screen_mobile_resolution=&#8221;480&#8243;][dfd_delimiter icon_size=&#8221;10&#8243; delimiter_height=&#8221;2&#8243; delimiter_border_style=&#8221;inset&#8221; module_animation=&#8221;transition.fadeIn&#8221; undefined=&#8221;&#8221; delim_line_color=&#8221;#ffffff&#8221; icon_color=&#8221;#ffffff&#8221;][\/vc_column_inner][\/vc_row_inner][vc_row_inner][vc_column_inner][dfd_spacer screen_wide_spacer_size=&#8221;50&#8243; screen_normal_resolution=&#8221;1024&#8243; screen_tablet_resolution=&#8221;800&#8243; screen_mobile_resolution=&#8221;480&#8243;][dfd_heading subtitle=&#8221;&#8221; content_alignment=&#8221;text-left&#8221; enable_delimiter=&#8221;&#8221; undefined=&#8221;&#8221; title_font_options=&#8221;tag:h2&#8243; subtitle_font_options=&#8221;tag:div&#8221;]<\/p>\n<h3>Grillieren beim Franzosenweiher<\/h3>\n<p>[\/dfd_heading][dfd_spacer screen_wide_spacer_size=&#8221;10&#8243; screen_normal_resolution=&#8221;1024&#8243; screen_tablet_resolution=&#8221;800&#8243; screen_mobile_resolution=&#8221;480&#8243;][vc_column_text]<img loading=\"lazy\" decoding=\"async\" class=\"alignleft wp-image-12 size-thumbnail\" src=\"https:\/\/www.tgs-spreitenbach.ch\/wp-content\/uploads\/2018\/04\/TGS-Logo-Main-150x150.png\" alt=\"\" width=\"150\" height=\"150\" \/><\/p>\n<p>Auch wenn die Wetterprognose f\u00fcr den Sonntag, 25. Mai, nicht gerade hochsommerlich angesagt war, kamen 6 TGS-Mitglieder und Anhang mit zum Franzosenweiher, um gemeinsam einen gem\u00fctlichen Sonntagnachmittag beim Grillieren zu verbringen.<br \/>\nWir trafen uns am Sternenplatz und fuhren mit dem Velo an den Franzosenweiher zu der neu erstellten Feuerstelle, die der STV Spreitenbach errichtet hatte. Nelly, Ueli und Debbie sind direkt zum Grillplatz marschiert resp. gefahren und hatten das Feuer bis zum Eintreffen der restlichen Mitglieder bereits angefacht.<\/p>\n<p>Wie es sich geh\u00f6rt, gibt es vor dem Essen einen Ap\u00e9ro. Bis zum Ende des Ap\u00e9ros hatte es gen\u00fcgend Glut, so dass wir den Grill mit den W\u00fcrsten, Pl\u00e4tzli, Koteletts, Gem\u00fcsepl\u00e4ttli und und und belagern konnten. Nicht nur Grillgut hatte es, auch wurden diverse Salate aufgetischt wie Reis- (scharf und dezent), R\u00fcebli-, Teigwarensalat\u2026. Auch fehlte das Fl\u00fcssige nicht; Wasser, Kaffee und Mineralwasser. Okay, der eine oder andere hatte noch ein Bierchen oder einen Schluck Wein dabei. Es wurde nicht nur gegessen und getrunken, Mann und Frau erfuhr das eine oder andere. Wir verbrachten einen lustigen, geselligen Nachmittag.<\/p>\n<p>(Bilder unter: TGS-Bereich &gt; Fotos Theaterreisen &gt; Grillieren am Franzosenweiher 2014)[\/vc_column_text][dfd_spacer screen_wide_spacer_size=&#8221;20&#8243; screen_normal_resolution=&#8221;1024&#8243; screen_tablet_resolution=&#8221;800&#8243; screen_mobile_resolution=&#8221;480&#8243;][dfd_heading subtitle=&#8221;&#8221; content_alignment=&#8221;text-left&#8221; enable_delimiter=&#8221;&#8221; undefined=&#8221;&#8221; title_font_options=&#8221;tag:h4&#8243; subtitle_font_options=&#8221;tag:div&#8221;]<\/p>\n<h4>Theatergesellschaft Spreitenbach<\/h4>\n<p>[\/dfd_heading][dfd_spacer screen_wide_spacer_size=&#8221;50&#8243; screen_normal_resolution=&#8221;1024&#8243; screen_tablet_resolution=&#8221;800&#8243; screen_mobile_resolution=&#8221;480&#8243;][dfd_delimiter icon_size=&#8221;10&#8243; delimiter_height=&#8221;2&#8243; delimiter_border_style=&#8221;inset&#8221; module_animation=&#8221;transition.fadeIn&#8221; undefined=&#8221;&#8221; delim_line_color=&#8221;#ffffff&#8221; icon_color=&#8221;#ffffff&#8221;][\/vc_column_inner][\/vc_row_inner][vc_row_inner][vc_column_inner][dfd_spacer screen_wide_spacer_size=&#8221;50&#8243; screen_normal_resolution=&#8221;1024&#8243; screen_tablet_resolution=&#8221;800&#8243; screen_mobile_resolution=&#8221;480&#8243;][dfd_heading subtitle=&#8221;&#8221; content_alignment=&#8221;text-left&#8221; enable_delimiter=&#8221;&#8221; undefined=&#8221;&#8221; title_font_options=&#8221;tag:h2&#8243; subtitle_font_options=&#8221;tag:div&#8221;]<\/p>\n<h3>Erlerne das Theater-Handwerk!<\/h3>\n<p>[\/dfd_heading][dfd_spacer screen_wide_spacer_size=&#8221;10&#8243; screen_normal_resolution=&#8221;1024&#8243; screen_tablet_resolution=&#8221;800&#8243; screen_mobile_resolution=&#8221;480&#8243;][vc_column_text]<img loading=\"lazy\" decoding=\"async\" class=\"alignleft wp-image-12 size-thumbnail\" src=\"https:\/\/www.tgs-spreitenbach.ch\/wp-content\/uploads\/2018\/04\/TGS-Logo-Main-150x150.png\" alt=\"\" width=\"150\" height=\"150\" \/><\/p>\n<p>Am 3.\/4. Mai haben sich 11 Schreibwillige und 1 Kursleiter im Zeughaus Uster zur \u201eSchreibwerkstatt\u201c eingefunden. Hier durften wir zwei intensive, spannende und lehrreiche Tage erleben, in denen sich Blatt um Blatt f\u00fcllte und nicht nur die Bleistifte rauchten. Wir haben spielerisch und unverkrampft erfahren, wie sich Ideen f\u00fcr eine gute Story und spielbare Figuren dazu finden lassen. Und wie man aus diesen Ideen eine interessante Geschichte baut.<\/p>\n<p>11 verschiedene Personen, mit ganz verschiedenen Schreibmotivationen und differenzierten Backgrounds haben dieselben Vorgaben jeweils so vielf\u00e4ltig und \u00fcberraschend umgesetzt bzw. interpretiert, dass wir aus dem Staunen nicht mehr heraus gekommen sind.<\/p>\n<p>Nun weiss ich auch, dass Schreiben ein Handwerk ist, das gelernt sein will. So werde ich mich beim Lesen eines B\u00fcchleins zuk\u00fcnftig zusammennehmen und nicht mehr die Nase r\u00fcmpfen, wenn es mir nicht gef\u00e4llt. Denn der Autor hat sehr viel Zeit investiert sowie meinen Respekt verdient!<\/p>\n<p>Ich kann jedem Vereinsmitglied nur empfehlen, selber einen Theaterkurs zu besuchen. Es gibt praktisch f\u00fcr jeden Bereich einen Lehrgang. Beginne mit den Grundlagen und vertiefe diese mit Fortsetzungskursen. Wer sich nicht als Spieler auf der B\u00fchne sieht, interessiert sich vielleicht f\u00fcr die Technik, das Licht oder die Maske? Es gibt Regie-, Regie-Assistenz- sowie Souffleurkurse, selbst f\u00fcr Audio\/Video und Fotografie gibt es Angebote. Nutzt diese \u2013 es lohnt sich!<\/p>\n<p>Meldet Euch unbedingt bei den vom ZSV (Schweizer Volkstheater) angebotenen Kursen an (es gibt auch andere Anbieter). Die Kurse des ZSV sind immer super organisiert und werden mit Freude und Herz begleitet. \u00dcbrigens \u00fcbernimmt die TGS die Kosten.<\/p>\n<p>Gr\u00fcsse von einer begeisterten Daniela<\/p>\n<p><a href=\"http:\/\/www.volkstheater.ch\" target=\"_blank\" rel=\"noopener\">www.volkstheater.ch<\/a> &#8211; Register: Kursangebote[\/vc_column_text][dfd_spacer screen_wide_spacer_size=&#8221;20&#8243; screen_normal_resolution=&#8221;1024&#8243; screen_tablet_resolution=&#8221;800&#8243; screen_mobile_resolution=&#8221;480&#8243;][dfd_heading subtitle=&#8221;&#8221; content_alignment=&#8221;text-left&#8221; enable_delimiter=&#8221;&#8221; undefined=&#8221;&#8221; title_font_options=&#8221;tag:h4&#8243; subtitle_font_options=&#8221;tag:div&#8221;]<\/p>\n<h4>Theatergesellschaft Spreitenbach<\/h4>\n<p>[\/dfd_heading][dfd_spacer screen_wide_spacer_size=&#8221;50&#8243; screen_normal_resolution=&#8221;1024&#8243; screen_tablet_resolution=&#8221;800&#8243; screen_mobile_resolution=&#8221;480&#8243;][dfd_delimiter icon_size=&#8221;10&#8243; delimiter_height=&#8221;2&#8243; delimiter_border_style=&#8221;inset&#8221; module_animation=&#8221;transition.fadeIn&#8221; undefined=&#8221;&#8221; delim_line_color=&#8221;#ffffff&#8221; icon_color=&#8221;#ffffff&#8221;][\/vc_column_inner][\/vc_row_inner][vc_row_inner][vc_column_inner][dfd_spacer screen_wide_spacer_size=&#8221;50&#8243; screen_normal_resolution=&#8221;1024&#8243; screen_tablet_resolution=&#8221;800&#8243; screen_mobile_resolution=&#8221;480&#8243;][dfd_heading subtitle=&#8221;&#8221; content_alignment=&#8221;text-left&#8221; enable_delimiter=&#8221;&#8221; undefined=&#8221;&#8221; title_font_options=&#8221;tag:h2&#8243; subtitle_font_options=&#8221;tag:div&#8221;]<\/p>\n<h3>Wer macht die Regie?<\/h3>\n<p>[\/dfd_heading][dfd_spacer screen_wide_spacer_size=&#8221;10&#8243; screen_normal_resolution=&#8221;1024&#8243; screen_tablet_resolution=&#8221;800&#8243; screen_mobile_resolution=&#8221;480&#8243;][vc_column_text]<img loading=\"lazy\" decoding=\"async\" class=\"alignleft wp-image-12 size-thumbnail\" src=\"https:\/\/www.tgs-spreitenbach.ch\/wp-content\/uploads\/2018\/04\/TGS-Logo-Main-150x150.png\" alt=\"\" width=\"150\" height=\"150\" \/><\/p>\n<p>Rolf Brunold wird die diesj\u00e4hrige Regie bei der TGS Spreitenbach mit der Assistentin Ursi Bleuler f\u00fchren.<\/p>\n<p>Rolf ist seit 1989 bei der Theatergruppe Friesenberg. Er ist nicht nur als Spieler sondern auch im Vorstand t\u00e4tig. Er hat in diversen St\u00fccken mitgespielt, u.a. beim Freilichtspektakel Windisch<span class=\"Apple-converted-space\">\u00a0 <\/span>\u201eHinter den 7 Gleisen\u201c.<span class=\"Apple-converted-space\">\u00a0 <\/span>Aber nicht nur das Spielen macht ihm Freude, auch als Autor hat er sich bemerkbar gemacht. Im St\u00fcck \u201ebisch sicher..?\u201c war er als Mitautor t\u00e4tig.<\/p>\n<p>Ursi Bleuler, sie geh\u00f6rt fast zum Inventar, ist seit 17 Jahre in der TGS Spreitenbach. Als Souffleuse hat sie die Akteure jahrelang bei Textunsicherheit unterst\u00fctzt. Spielerfahrung konnte sie in der letztj\u00e4hrigen Auff\u00fchrung \u201eHausbesuche\u201c geniessen.[\/vc_column_text][dfd_spacer screen_wide_spacer_size=&#8221;20&#8243; screen_normal_resolution=&#8221;1024&#8243; screen_tablet_resolution=&#8221;800&#8243; screen_mobile_resolution=&#8221;480&#8243;][dfd_heading subtitle=&#8221;&#8221; content_alignment=&#8221;text-left&#8221; enable_delimiter=&#8221;&#8221; undefined=&#8221;&#8221; title_font_options=&#8221;tag:h4&#8243; subtitle_font_options=&#8221;tag:div&#8221;]<\/p>\n<h4>Theatergesellschaft Spreitenbach<\/h4>\n<p>[\/dfd_heading][dfd_spacer screen_wide_spacer_size=&#8221;50&#8243; screen_normal_resolution=&#8221;1024&#8243; screen_tablet_resolution=&#8221;800&#8243; screen_mobile_resolution=&#8221;480&#8243;][dfd_delimiter icon_size=&#8221;10&#8243; delimiter_height=&#8221;2&#8243; delimiter_border_style=&#8221;inset&#8221; module_animation=&#8221;transition.fadeIn&#8221; undefined=&#8221;&#8221; delim_line_color=&#8221;#ffffff&#8221; icon_color=&#8221;#ffffff&#8221;][\/vc_column_inner][\/vc_row_inner][vc_row_inner][vc_column_inner][dfd_spacer screen_wide_spacer_size=&#8221;50&#8243; screen_normal_resolution=&#8221;1024&#8243; screen_tablet_resolution=&#8221;800&#8243; screen_mobile_resolution=&#8221;480&#8243;][dfd_heading subtitle=&#8221;&#8221; content_alignment=&#8221;text-left&#8221; enable_delimiter=&#8221;&#8221; undefined=&#8221;&#8221; title_font_options=&#8221;tag:h2&#8243; subtitle_font_options=&#8221;tag:div&#8221;]<\/p>\n<h3>Weiter so!<\/h3>\n<p>[\/dfd_heading][dfd_spacer screen_wide_spacer_size=&#8221;10&#8243; screen_normal_resolution=&#8221;1024&#8243; screen_tablet_resolution=&#8221;800&#8243; screen_mobile_resolution=&#8221;480&#8243;][vc_column_text]<img loading=\"lazy\" decoding=\"async\" class=\"alignleft wp-image-12 size-thumbnail\" src=\"https:\/\/www.tgs-spreitenbach.ch\/wp-content\/uploads\/2018\/04\/TGS-Logo-Main-150x150.png\" alt=\"\" width=\"150\" height=\"150\" \/><\/p>\n<p>13.08.2013<br \/>\nDie Proben laufen gem\u00e4ss der Regie sehr gut, k\u00f6nnen doch Vereinzelte den Text bereits fast auswendig, bravo!<br \/>\nSommerferien ist Geschichte, es geht weiter mit den Proben. Damit die Akteure sich heimischer f\u00fchlen und auch wissen, wohin sie stehen und gehen sollen, wurden die Kulissen aufgestellt.[\/vc_column_text][dfd_spacer screen_wide_spacer_size=&#8221;20&#8243; screen_normal_resolution=&#8221;1024&#8243; screen_tablet_resolution=&#8221;800&#8243; screen_mobile_resolution=&#8221;480&#8243;][dfd_heading subtitle=&#8221;&#8221; content_alignment=&#8221;text-left&#8221; enable_delimiter=&#8221;&#8221; undefined=&#8221;&#8221; title_font_options=&#8221;tag:h4&#8243; subtitle_font_options=&#8221;tag:div&#8221;]<\/p>\n<h4>Der Pr\u00e4si<\/h4>\n<p>[\/dfd_heading][dfd_spacer screen_wide_spacer_size=&#8221;50&#8243; screen_normal_resolution=&#8221;1024&#8243; screen_tablet_resolution=&#8221;800&#8243; screen_mobile_resolution=&#8221;480&#8243;][dfd_delimiter icon_size=&#8221;10&#8243; delimiter_height=&#8221;2&#8243; delimiter_border_style=&#8221;inset&#8221; module_animation=&#8221;transition.fadeIn&#8221; undefined=&#8221;&#8221; delim_line_color=&#8221;#ffffff&#8221; icon_color=&#8221;#ffffff&#8221;][\/vc_column_inner][\/vc_row_inner][vc_row_inner][vc_column_inner][dfd_spacer screen_wide_spacer_size=&#8221;50&#8243; screen_normal_resolution=&#8221;1024&#8243; screen_tablet_resolution=&#8221;800&#8243; screen_mobile_resolution=&#8221;480&#8243;][dfd_heading subtitle=&#8221;&#8221; content_alignment=&#8221;text-left&#8221; enable_delimiter=&#8221;&#8221; undefined=&#8221;&#8221; title_font_options=&#8221;tag:h2&#8243; subtitle_font_options=&#8221;tag:div&#8221;]<\/p>\n<h3>Kulturfest<\/h3>\n<p>[\/dfd_heading][dfd_spacer screen_wide_spacer_size=&#8221;10&#8243; screen_normal_resolution=&#8221;1024&#8243; screen_tablet_resolution=&#8221;800&#8243; screen_mobile_resolution=&#8221;480&#8243;][vc_column_text]<img loading=\"lazy\" decoding=\"async\" class=\"alignleft wp-image-12 size-thumbnail\" src=\"https:\/\/www.tgs-spreitenbach.ch\/wp-content\/uploads\/2018\/04\/TGS-Logo-Main-150x150.png\" alt=\"\" width=\"150\" height=\"150\" \/><\/p>\n<p>Juli\/August 2013<br \/>\nDas Kulturfest Spreitenbach fand vom 21. \u2013 23. Juni 13 statt.<br \/>\nDie TGS wurde vom OK-Kulturfest angefragt, ob sie nicht mit einem Grillstand pr\u00e4sent sein w\u00fcrden. Der Vorstand bestimmte einstimmig, dass wir mitmachen werden.<br \/>\nDie W\u00fcrste (Cervelats, Kalbsbratw\u00fcrste und Theaterw\u00fcrste) und der Grill wie auch der Hei-dawein wurden bestellt, das Bier und Mineral konnte beim OK bezogen werden. Auch wenn zu Beginn unser Angebot bel\u00e4chelt wurde, war der Freitag ein super Erfolg. Der Samstag \u00fcberstieg unsere Erwartungen dann doch massiv, mussten doch 2x W\u00fcrste bei der Metzgerei nachbestellt werden und Brot, ja Brot, der Beck brachte noch alles was an Brotwaren vorhanden war. Auch bei den Getr\u00e4nken musste immer wieder Nachschub geholt werden. Vom Wein blieb kein Tropfen mehr \u00fcbrig. Die TGS-Kassiererin strahlt noch heute \u00fcber den top super Erfolg. Vielen Dank an alle, welche hier mitgeholfen hatten.[\/vc_column_text][dfd_spacer screen_wide_spacer_size=&#8221;20&#8243; screen_normal_resolution=&#8221;1024&#8243; screen_tablet_resolution=&#8221;800&#8243; screen_mobile_resolution=&#8221;480&#8243;][dfd_heading subtitle=&#8221;&#8221; content_alignment=&#8221;text-left&#8221; enable_delimiter=&#8221;&#8221; undefined=&#8221;&#8221; title_font_options=&#8221;tag:h4&#8243; subtitle_font_options=&#8221;tag:div&#8221;]<\/p>\n<h4>Der Pr\u00e4si<\/h4>\n<p>[\/dfd_heading][dfd_spacer screen_wide_spacer_size=&#8221;50&#8243; screen_normal_resolution=&#8221;1024&#8243; screen_tablet_resolution=&#8221;800&#8243; screen_mobile_resolution=&#8221;480&#8243;][dfd_delimiter icon_size=&#8221;10&#8243; delimiter_height=&#8221;2&#8243; delimiter_border_style=&#8221;inset&#8221; module_animation=&#8221;transition.fadeIn&#8221; undefined=&#8221;&#8221; delim_line_color=&#8221;#ffffff&#8221; icon_color=&#8221;#ffffff&#8221;][\/vc_column_inner][\/vc_row_inner][vc_row_inner][vc_column_inner][dfd_spacer screen_wide_spacer_size=&#8221;50&#8243; screen_normal_resolution=&#8221;1024&#8243; screen_tablet_resolution=&#8221;800&#8243; screen_mobile_resolution=&#8221;480&#8243;][dfd_heading subtitle=&#8221;&#8221; content_alignment=&#8221;text-left&#8221; enable_delimiter=&#8221;&#8221; undefined=&#8221;&#8221; title_font_options=&#8221;tag:h2&#8243; subtitle_font_options=&#8221;tag:div&#8221;]<\/p>\n<h3>Lasst es euch schmecken<\/h3>\n<p>[\/dfd_heading][dfd_spacer screen_wide_spacer_size=&#8221;10&#8243; screen_normal_resolution=&#8221;1024&#8243; screen_tablet_resolution=&#8221;800&#8243; screen_mobile_resolution=&#8221;480&#8243;][vc_column_text]<img loading=\"lazy\" decoding=\"async\" class=\"alignleft wp-image-12 size-thumbnail\" src=\"https:\/\/www.tgs-spreitenbach.ch\/wp-content\/uploads\/2018\/04\/TGS-Logo-Main-150x150.png\" alt=\"\" width=\"150\" height=\"150\" \/><\/p>\n<p>Juli 2013<br \/>\nAm 15.06.2013 fand der Erdbeerschmaus bei Doris statt.<br \/>\nWegen des schlechten Fr\u00fchlingswetters, die Erdbeeren wollten nicht reif werden, musste der Erdbeerschmaus um eine Woche verschoben werden. So traf sich Mann und Frau von der TGS zum Erdbeerschmaus eine Woche sp\u00e4ter.<br \/>\nDer Tisch war reichlich mit verschiedenen Erdbeervariationen vollbeladen (Erdbeermuus, Erdbeerroulade, Erdbeerbowle, Erdbeertiramisu und, und, und). Die Zeit verstrich fast wie im Flug. Es wurde rege vom und \u00fcber das eine oder andere diskutiert und lamentiert. Die Erdbeerk\u00f6stlichkeiten stillten den Gluscht und den Hunger schob es vor sich her. Damit aber niemand mit Hunger nach Hause musste, gab es noch W\u00fcrste vom Grill und das von Widi\u2019s offerierte Schweinsfilet.<br \/>\nEs war wieder ein gelungener toll organisierter Nachmittag. Ein herzlicher Dank im Namen aller die dabei waren geht an die Gastgeberin Doris, die Erdbeerpfl\u00fcckerin R\u00f6s, dem B\u00e4cker Gerry und der Filetspenderfamilie Widi.[\/vc_column_text][dfd_spacer screen_wide_spacer_size=&#8221;20&#8243; screen_normal_resolution=&#8221;1024&#8243; screen_tablet_resolution=&#8221;800&#8243; screen_mobile_resolution=&#8221;480&#8243;][dfd_heading subtitle=&#8221;&#8221; content_alignment=&#8221;text-left&#8221; enable_delimiter=&#8221;&#8221; undefined=&#8221;&#8221; title_font_options=&#8221;tag:h4&#8243; subtitle_font_options=&#8221;tag:div&#8221;]<\/p>\n<h4>Der Pr\u00e4si<\/h4>\n<p>[\/dfd_heading][dfd_spacer screen_wide_spacer_size=&#8221;50&#8243; screen_normal_resolution=&#8221;1024&#8243; screen_tablet_resolution=&#8221;800&#8243; screen_mobile_resolution=&#8221;480&#8243;][dfd_delimiter icon_size=&#8221;10&#8243; delimiter_height=&#8221;2&#8243; delimiter_border_style=&#8221;inset&#8221; module_animation=&#8221;transition.fadeIn&#8221; undefined=&#8221;&#8221; delim_line_color=&#8221;#ffffff&#8221; icon_color=&#8221;#ffffff&#8221;][\/vc_column_inner][\/vc_row_inner][vc_row_inner][vc_column_inner][dfd_spacer screen_wide_spacer_size=&#8221;50&#8243; screen_normal_resolution=&#8221;1024&#8243; screen_tablet_resolution=&#8221;800&#8243; screen_mobile_resolution=&#8221;480&#8243;][dfd_heading subtitle=&#8221;&#8221; content_alignment=&#8221;text-left&#8221; enable_delimiter=&#8221;&#8221; undefined=&#8221;&#8221; title_font_options=&#8221;tag:h2&#8243; subtitle_font_options=&#8221;tag:div&#8221;]<\/p>\n<h3>Gesucht und gefunden<\/h3>\n<p>[\/dfd_heading][dfd_spacer screen_wide_spacer_size=&#8221;10&#8243; screen_normal_resolution=&#8221;1024&#8243; screen_tablet_resolution=&#8221;800&#8243; screen_mobile_resolution=&#8221;480&#8243;][vc_column_text]<img loading=\"lazy\" decoding=\"async\" class=\"alignleft wp-image-12 size-thumbnail\" src=\"https:\/\/www.tgs-spreitenbach.ch\/wp-content\/uploads\/2018\/04\/TGS-Logo-Main-150x150.png\" alt=\"\" width=\"150\" height=\"150\" \/><\/p>\n<p>Der Regisseur und die Assistentin, Ueli und Nelly, haben dem Verein nach der letzten Auff\u00fchrung im Dez. 2012 mitgeteilt, dass sie ihr Amt vorl\u00e4ufig zur Verf\u00fcgung stellen und die TGS daf\u00fcr besorgt sein soll einen Nachfolger bzw. eine Nachfolgerin zu suchen. Der Vorstand suchte intensiv und wurde auch f\u00fcndig. Da die Entsch\u00e4digungsh\u00f6he die Kompetenz des Vorstandes \u00fcberschritt, wurde eine ausserordentliche GV einberufen. Am 15. Mai 2013 gaben die Mitglieder gr\u00fcnes Licht zur Verpflichtung von Isabel Sulger B\u00fcel.<br \/>\nSomit konnte die 1. Leseprobe zum St\u00fcck \u201eHausbesuch\u201c am 16. Mai unter der neuen Regie durchgef\u00fchrt werden. Isabel wurde von allen TeilnehmerInnen sehr gut aufgenommen.[\/vc_column_text][dfd_spacer screen_wide_spacer_size=&#8221;20&#8243; screen_normal_resolution=&#8221;1024&#8243; screen_tablet_resolution=&#8221;800&#8243; screen_mobile_resolution=&#8221;480&#8243;][dfd_heading subtitle=&#8221;&#8221; content_alignment=&#8221;text-left&#8221; enable_delimiter=&#8221;&#8221; undefined=&#8221;&#8221; title_font_options=&#8221;tag:h4&#8243; subtitle_font_options=&#8221;tag:div&#8221;]<\/p>\n<h4>Der Pr\u00e4si<\/h4>\n<p>[\/dfd_heading][dfd_spacer screen_wide_spacer_size=&#8221;50&#8243; screen_normal_resolution=&#8221;1024&#8243; screen_tablet_resolution=&#8221;800&#8243; screen_mobile_resolution=&#8221;480&#8243;][dfd_delimiter icon_size=&#8221;10&#8243; delimiter_height=&#8221;2&#8243; delimiter_border_style=&#8221;inset&#8221; module_animation=&#8221;transition.fadeIn&#8221; undefined=&#8221;&#8221; delim_line_color=&#8221;#ffffff&#8221; icon_color=&#8221;#ffffff&#8221;][dfd_spacer screen_wide_spacer_size=&#8221;50&#8243; screen_normal_resolution=&#8221;1024&#8243; screen_tablet_resolution=&#8221;800&#8243; screen_mobile_resolution=&#8221;480&#8243;][\/vc_column_inner][\/vc_row_inner][\/vc_column][\/vc_row]<\/p>\n<\/div>","protected":false},"excerpt":{"rendered":"<p>[vc_row dfd_bg_style=&#8221;image&#8221; dfd_bg_image_new=&#8221;1543&#8243; dfd_bg_image_repeat=&#8221;no-repeat&#8221; dfd_bg_img_attach=&#8221;fixed&#8221;][vc_column][dfd_spacer screen_wide_spacer_size=&#8221;100&#8243; screen_normal_resolution=&#8221;1024&#8243; screen_tablet_resolution=&#8221;800&#8243; screen_mobile_resolution=&#8221;480&#8243;][dfd_heading subtitle=&#8221;&#8221; content_alignment=&#8221;text-left&#8221; delimiter_settings=&#8221;delimiter_style:solid|delimiter_width:210|delimiter_height:3|delimiter_color:%23d30e00&#8243; delimiter_margin=&#8221;margin-bottom:10&#8243; undefined=&#8221;&#8221; title_font_options=&#8221;tag:h2&#8243; subtitle_font_options=&#8221;tag:div&#8221; title_responsive=&#8221;font_size_mobile:40&#8243;] Vergangenes [\/dfd_heading][vc_row_inner dfd_row_responsive_enable=&#8221;dfd-row-responsive-enable&#8221; css=&#8221;.vc_custom_1698670658311{margin-right: 20px !important;margin-left: 20px !important;}&#8221;][vc_column_inner][dfd_spacer screen_wide_spacer_size=&#8221;10&#8243; screen_normal_resolution=&#8221;1024&#8243; screen_tablet_resolution=&#8221;800&#8243; screen_mobile_resolution=&#8221;480&#8243;][dfd_heading subtitle=&#8221;Von<\/p>\n","protected":false},"author":1,"featured_media":0,"parent":0,"menu_order":0,"comment_status":"closed","ping_status":"closed","template":"tmp-page.php","meta":{"footnotes":""},"class_list":["post-48","page","type-page","status-publish","hentry"],"_links":{"self":[{"href":"https:\/\/www.tgs-spreitenbach.ch\/index.php?rest_route=\/wp\/v2\/pages\/48","targetHints":{"allow":["GET"]}}],"collection":[{"href":"https:\/\/www.tgs-spreitenbach.ch\/index.php?rest_route=\/wp\/v2\/pages"}],"about":[{"href":"https:\/\/www.tgs-spreitenbach.ch\/index.php?rest_route=\/wp\/v2\/types\/page"}],"author":[{"embeddable":true,"href":"https:\/\/www.tgs-spreitenbach.ch\/index.php?rest_route=\/wp\/v2\/users\/1"}],"replies":[{"embeddable":true,"href":"https:\/\/www.tgs-spreitenbach.ch\/index.php?rest_route=%2Fwp%2Fv2%2Fcomments&post=48"}],"version-history":[{"count":202,"href":"https:\/\/www.tgs-spreitenbach.ch\/index.php?rest_route=\/wp\/v2\/pages\/48\/revisions"}],"predecessor-version":[{"id":1864,"href":"https:\/\/www.tgs-spreitenbach.ch\/index.php?rest_route=\/wp\/v2\/pages\/48\/revisions\/1864"}],"wp:attachment":[{"href":"https:\/\/www.tgs-spreitenbach.ch\/index.php?rest_route=%2Fwp%2Fv2%2Fmedia&parent=48"}],"curies":[{"name":"wp","href":"https:\/\/api.w.org\/{rel}","templated":true}]}}